{"id":3455,"date":"2026-06-22T23:25:24","date_gmt":"2026-06-22T21:25:24","guid":{"rendered":"https:\/\/zweiteheimat.at\/jahreszeiten-v2\/"},"modified":"2026-07-10T13:13:04","modified_gmt":"2026-07-10T11:13:04","slug":"seizoenen","status":"publish","type":"page","link":"https:\/\/zweiteheimat.at\/nl\/jahreszeiten\/","title":{"rendered":"Seizoenen"},"content":{"rendered":"<div data-elementor-type=\"wp-page\" data-elementor-id=\"3455\" class=\"elementor elementor-3455\" data-elementor-post-type=\"page\">\n\t\t\t\t<div class=\"elementor-element elementor-element-jzhero e-con-full e-flex e-con e-parent\" data-id=\"jzhero\" data-element_type=\"container\" data-e-type=\"container\" data-settings=\"{&quot;background_background&quot;:&quot;classic&quot;}\">\n\t\t<div class=\"elementor-element elementor-element-jzheroin e-flex e-con-boxed e-con e-child\" data-id=\"jzheroin\" data-element_type=\"container\" data-e-type=\"container\">\n\t\t\t\t\t<div class=\"e-con-inner\">\n\t\t\t\t<div class=\"elementor-element elementor-element-jzkick elementor-widget elementor-widget-heading\" data-id=\"jzkick\" data-element_type=\"widget\" data-e-type=\"widget\" data-widget_type=\"heading.default\">\n\t\t\t\t<div class=\"elementor-widget-container\">\n\t\t\t\t\t<div class=\"elementor-heading-title elementor-size-default\">Karinthi\u00eb \u00b7 Ossiacher See \u00b7 Gerlitzen Alpe<\/div>\t\t\t\t<\/div>\n\t\t\t\t<\/div>\n\t\t\t\t<div class=\"elementor-element elementor-element-jzh1 zh-mw900 elementor-widget elementor-widget-heading\" data-id=\"jzh1\" data-element_type=\"widget\" data-e-type=\"widget\" data-widget_type=\"heading.default\">\n\t\t\t\t<div class=\"elementor-widget-container\">\n\t\t\t\t\t<h1 class=\"elementor-heading-title elementor-size-default\">Vier seizoenen, een vakantie die altijd de moeite waard is<\/h1>\t\t\t\t<\/div>\n\t\t\t\t<\/div>\n\t\t\t\t<div class=\"elementor-element elementor-element-jzscript elementor-widget elementor-widget-heading\" data-id=\"jzscript\" data-element_type=\"widget\" data-e-type=\"widget\" data-widget_type=\"heading.default\">\n\t\t\t\t<div class=\"elementor-widget-container\">\n\t\t\t\t\t<div class=\"elementor-heading-title elementor-size-default\">Lente \u00b7 Zomer \u00b7 Herfst \u00b7 Winter<\/div>\t\t\t\t<\/div>\n\t\t\t\t<\/div>\n\t\t\t\t<div class=\"elementor-element elementor-element-jzsub zh-mw640 elementor-widget elementor-widget-text-editor\" data-id=\"jzsub\" data-element_type=\"widget\" data-e-type=\"widget\" data-widget_type=\"text-editor.default\">\n\t\t\t\t<div class=\"elementor-widget-container\">\n\t\t\t\t\t\t\t\t\t<p>In de omgeving van het vakantiehuis zijn er in elk seizoen afwisselende uitstapjes en activiteiten te doen \u2013 de fotogalerij geeft een indruk hiervan en laat de hoogtepunten van de omgeving zien.<\/p>\t\t\t\t\t\t\t\t<\/div>\n\t\t\t\t<\/div>\n\t\t\t\t\t<\/div>\n\t\t\t\t<\/div>\n\t\t\t\t<div class=\"elementor-element elementor-element-jzherobg elementor-widget elementor-widget-html\" data-id=\"jzherobg\" data-element_type=\"widget\" data-e-type=\"widget\" data-widget_type=\"html.default\">\n\t\t\t\t<div class=\"elementor-widget-container\">\n\t\t\t\t\t<style>.elementor-element-jzhero{isolation:isolate}.elementor-element-jzheroin{position:relative;z-index:1}.elementor-element-jzherobg{position:absolute;inset:0;z-index:0;margin:0;padding:0;pointer-events:none}.elementor-element-jzherobg>.elementor-widget-container{height:100%}.elementor-element-jzherobg .zh-herobg{display:block;width:100%;height:100%}.elementor-element-jzherobg .zh-herobg img{width:100%;height:100%;object-fit:cover;display:block}.elementor-element-jzherobg .zh-herobg::after{content:\"\";position:absolute;inset:0;background:linear-gradient(180deg,rgba(8,17,21,.42) 0%,rgba(8,17,21,.10) 38%,rgba(8,17,21,.12) 60%,rgba(8,17,21,.5) 100%)}<\/style><picture class=\"zh-herobg\"><img src=\"https:\/\/zweiteheimat.at\/wp-content\/uploads\/2025\/11\/ossiacher-see-wolken-ueber-der-gerlitzen.webp\" alt=\"De Ossiacher See met wolken boven de Gerlitzen \u2013 Karinthi\u00eb\" fetchpriority=\"high\" decoding=\"async\"><\/picture>\t\t\t\t<\/div>\n\t\t\t\t<\/div>\n\t\t\t\t<\/div>\n\t\t<div class=\"elementor-element elementor-element-jztabsec e-flex e-con-boxed e-con e-parent\" data-id=\"jztabsec\" data-element_type=\"container\" data-e-type=\"container\" id=\"saison\">\n\t\t\t\t\t<div class=\"e-con-inner\">\n\t\t\t\t<div class=\"elementor-element elementor-element-jztabs e-n-tabs-none elementor-widget elementor-widget-n-tabs\" data-id=\"jztabs\" data-element_type=\"widget\" data-e-type=\"widget\" data-settings=\"{&quot;tabs_justify_horizontal&quot;:&quot;stretch&quot;,&quot;horizontal_scroll&quot;:&quot;disable&quot;}\" data-widget_type=\"nested-tabs.default\">\n\t\t\t\t<div class=\"elementor-widget-container\">\n\t\t\t\t\t\t\t<div class=\"e-n-tabs\" data-widget-number=\"171\" aria-label=\"Schede. Apri gli elementi con Invio o Spazio, chiudili con Esc e naviga con i tasti freccia.\" data-no-translation-aria-label=\"\">\n\t\t\t<div class=\"e-n-tabs-heading\" role=\"tablist\">\n\t\t\t\t\t<button id=\"e-n-tab-title-1711\" data-tab-title-id=\"e-n-tab-title-1711\" class=\"e-n-tab-title\" aria-selected=\"true\" data-tab-index=\"1\" role=\"tab\" tabindex=\"0\" aria-controls=\"e-n-tab-content-1711\" style=\"--n-tabs-title-order: 1;\">\n\t\t\t\t\t\t<span class=\"e-n-tab-title-text\">\n\t\t\t\tLente\t\t\t<\/span>\n\t\t<\/button>\n\t\t\t\t<button id=\"e-n-tab-title-1712\" data-tab-title-id=\"e-n-tab-title-1712\" class=\"e-n-tab-title\" aria-selected=\"false\" data-tab-index=\"2\" role=\"tab\" tabindex=\"-1\" aria-controls=\"e-n-tab-content-1712\" style=\"--n-tabs-title-order: 2;\">\n\t\t\t\t\t\t<span class=\"e-n-tab-title-text\">\n\t\t\t\tZomer\t\t\t<\/span>\n\t\t<\/button>\n\t\t\t\t<button id=\"e-n-tab-title-1713\" data-tab-title-id=\"e-n-tab-title-1713\" class=\"e-n-tab-title\" aria-selected=\"false\" data-tab-index=\"3\" role=\"tab\" tabindex=\"-1\" aria-controls=\"e-n-tab-content-1713\" style=\"--n-tabs-title-order: 3;\">\n\t\t\t\t\t\t<span class=\"e-n-tab-title-text\">\n\t\t\t\tHerfst\t\t\t<\/span>\n\t\t<\/button>\n\t\t\t\t<button id=\"e-n-tab-title-1714\" data-tab-title-id=\"e-n-tab-title-1714\" class=\"e-n-tab-title\" aria-selected=\"false\" data-tab-index=\"4\" role=\"tab\" tabindex=\"-1\" aria-controls=\"e-n-tab-content-1714\" style=\"--n-tabs-title-order: 4;\">\n\t\t\t\t\t\t<span class=\"e-n-tab-title-text\">\n\t\t\t\tWinter\t\t\t<\/span>\n\t\t<\/button>\n\t\t\t\t\t<\/div>\n\t\t\t<div class=\"e-n-tabs-content\">\n\t\t\t\t<div id=\"e-n-tab-content-1711\" role=\"tabpanel\" aria-labelledby=\"e-n-tab-title-1711\" data-tab-index=\"1\" style=\"--n-tabs-title-order: 1;\" class=\"e-active elementor-element elementor-element-jzpfr e-flex e-con-boxed e-con e-child\" data-id=\"jzpfr\" data-element_type=\"container\" data-e-type=\"container\">\n\t\t\t\t\t<div class=\"e-con-inner\">\n\t\t<div class=\"elementor-element elementor-element-jzedfr e-grid e-con-boxed e-con e-child\" data-id=\"jzedfr\" data-element_type=\"container\" data-e-type=\"container\">\n\t\t\t\t\t<div class=\"e-con-inner\">\n\t\t<div class=\"elementor-element elementor-element-jzedfrl e-flex e-con-boxed e-con e-child\" data-id=\"jzedfrl\" data-element_type=\"container\" data-e-type=\"container\">\n\t\t\t\t\t<div class=\"e-con-inner\">\n\t\t\t\t<div class=\"elementor-element elementor-element-jzfrk elementor-widget elementor-widget-heading\" data-id=\"jzfrk\" data-element_type=\"widget\" data-e-type=\"widget\" data-widget_type=\"heading.default\">\n\t\t\t\t<div class=\"elementor-widget-container\">\n\t\t\t\t\t<div class=\"elementor-heading-title elementor-size-default\">Lente<\/div>\t\t\t\t<\/div>\n\t\t\t\t<\/div>\n\t\t\t\t<div class=\"elementor-element elementor-element-jzfrt elementor-widget elementor-widget-heading\" data-id=\"jzfrt\" data-element_type=\"widget\" data-e-type=\"widget\" data-widget_type=\"heading.default\">\n\t\t\t\t<div class=\"elementor-widget-container\">\n\t\t\t\t\t<h2 class=\"elementor-heading-title elementor-size-default\">Lente ontwaken in Sonnenland<\/h2>\t\t\t\t<\/div>\n\t\t\t\t<\/div>\n\t\t<div class=\"elementor-element elementor-element-jzfrchips e-flex e-con-boxed e-con e-child\" data-id=\"jzfrchips\" data-element_type=\"container\" data-e-type=\"container\">\n\t\t\t\t\t<div class=\"e-con-inner\">\n\t\t\t\t<div class=\"elementor-element elementor-element-jzfrc1t zh-chip elementor-widget elementor-widget-heading\" data-id=\"jzfrc1t\" data-element_type=\"widget\" data-e-type=\"widget\" data-widget_type=\"heading.default\">\n\t\t\t\t<div class=\"elementor-widget-container\">\n\t\t\t\t\t<div class=\"elementor-heading-title elementor-size-default\">Wandelen<\/div>\t\t\t\t<\/div>\n\t\t\t\t<\/div>\n\t\t\t\t<div class=\"elementor-element elementor-element-jzfrc2t zh-chip elementor-widget elementor-widget-heading\" data-id=\"jzfrc2t\" data-element_type=\"widget\" data-e-type=\"widget\" data-widget_type=\"heading.default\">\n\t\t\t\t<div class=\"elementor-widget-container\">\n\t\t\t\t\t<div class=\"elementor-heading-title elementor-size-default\">Fietsen<\/div>\t\t\t\t<\/div>\n\t\t\t\t<\/div>\n\t\t\t\t<div class=\"elementor-element elementor-element-jzfrc3t zh-chip elementor-widget elementor-widget-heading\" data-id=\"jzfrc3t\" data-element_type=\"widget\" data-e-type=\"widget\" data-widget_type=\"heading.default\">\n\t\t\t\t<div class=\"elementor-widget-container\">\n\t\t\t\t\t<div class=\"elementor-heading-title elementor-size-default\">bergbeekjes<\/div>\t\t\t\t<\/div>\n\t\t\t\t<\/div>\n\t\t\t\t<div class=\"elementor-element elementor-element-jzfrc4t zh-chip elementor-widget elementor-widget-heading\" data-id=\"jzfrc4t\" data-element_type=\"widget\" data-e-type=\"widget\" data-widget_type=\"heading.default\">\n\t\t\t\t<div class=\"elementor-widget-container\">\n\t\t\t\t\t<div class=\"elementor-heading-title elementor-size-default\">Van de zon genieten<\/div>\t\t\t\t<\/div>\n\t\t\t\t<\/div>\n\t\t\t\t\t<\/div>\n\t\t\t\t<\/div>\n\t\t\t\t\t<\/div>\n\t\t\t\t<\/div>\n\t\t\t\t<div class=\"elementor-element elementor-element-jzedfrr elementor-widget elementor-widget-text-editor\" data-id=\"jzedfrr\" data-element_type=\"widget\" data-e-type=\"widget\" data-widget_type=\"text-editor.default\">\n\t\t\t\t<div class=\"elementor-widget-container\">\n\t\t\t\t\t\t\t\t\t<p>Wanneer de eerste zonnestralen de valleien verwarmen en de natuur ontwaakt in weelderig groen, laat Karinthi\u00eb zich van zijn zachte kant zien. Bloeiende alpenweiden, heldere bergbeekjes en milde temperaturen nodigen uit tot wandelen, fietsen en ontspannen.<\/p><p>Het is de tijd van een nieuw begin \u2013 ideaal om nieuwe energie op te doen en het ontwaken van de natuur van dichtbij mee te maken. De laatste sneeuwvelden smelten weg, de heldere lucht en de eerste zonnestralen nodigen uit tot ontdekken.<\/p>\t\t\t\t\t\t\t\t<\/div>\n\t\t\t\t<\/div>\n\t\t\t\t\t<\/div>\n\t\t\t\t<\/div>\n\t\t\t\t<div class=\"elementor-element elementor-element-jzmfr elementor-widget elementor-widget-gallery\" data-id=\"jzmfr\" data-element_type=\"widget\" data-e-type=\"widget\" data-settings=\"{&quot;gallery_layout&quot;:&quot;masonry&quot;,&quot;columns&quot;:3,&quot;gap&quot;:{&quot;unit&quot;:&quot;px&quot;,&quot;size&quot;:12,&quot;sizes&quot;:[]},&quot;gap_tablet&quot;:{&quot;unit&quot;:&quot;px&quot;,&quot;size&quot;:12,&quot;sizes&quot;:[]},&quot;overlay_background&quot;:&quot;no&quot;,&quot;lazyload&quot;:&quot;yes&quot;,&quot;columns_tablet&quot;:2,&quot;columns_mobile&quot;:1,&quot;gap_mobile&quot;:{&quot;unit&quot;:&quot;px&quot;,&quot;size&quot;:10,&quot;sizes&quot;:[]},&quot;link_to&quot;:&quot;file&quot;,&quot;content_hover_animation&quot;:&quot;fade-in&quot;}\" data-widget_type=\"gallery.default\">\n\t\t\t\t<div class=\"elementor-widget-container\">\n\t\t\t\t\t\t\t<div class=\"elementor-gallery__container\">\n\t\t\t\t\t\t\t<a class=\"e-gallery-item elementor-gallery-item elementor-animated-content\" href=\"https:\/\/zweiteheimat.at\/wp-content\/uploads\/2025\/11\/ossiacher-see-wolken-ueber-der-gerlitzen.webp\" data-elementor-open-lightbox=\"yes\" data-elementor-lightbox-slideshow=\"jzmfr\" data-elementor-lightbox-title=\"Wolken boven de Gerlitzen\" data-e-action-hash=\"#elementor-action%3Aaction%3Dlightbox%26settings%3DeyJpZCI6MTY4MCwidXJsIjoiaHR0cHM6XC9cL3p3ZWl0ZWhlaW1hdC5hdFwvd3AtY29udGVudFwvdXBsb2Fkc1wvMjAyNVwvMTFcL29zc2lhY2hlci1zZWUtd29sa2VuLXVlYmVyLWRlci1nZXJsaXR6ZW4ud2VicCIsInNsaWRlc2hvdyI6Imp6bWZyIn0%3D\">\n\t\t\t\t\t<div class=\"e-gallery-image elementor-gallery-item__image\" data-thumbnail=\"https:\/\/zweiteheimat.at\/wp-content\/uploads\/2025\/11\/ossiacher-see-wolken-ueber-der-gerlitzen-768x576.webp\" data-width=\"768\" data-height=\"576\" aria-label=\"Anfahrt Ossiach Steg\" role=\"img\" ><\/div>\n\t\t\t\t\t\t\t\t\t\t\t<div class=\"elementor-gallery-item__overlay\"><\/div>\n\t\t\t\t\t\t\t\t\t\t\t\t\t\t<\/a>\n\t\t\t\t\t\t\t<a class=\"e-gallery-item elementor-gallery-item elementor-animated-content\" href=\"https:\/\/zweiteheimat.at\/wp-content\/uploads\/2025\/11\/burg-landskron.webp\" data-elementor-open-lightbox=\"yes\" data-elementor-lightbox-slideshow=\"jzmfr\" data-elementor-lightbox-title=\"Kasteel Landskron\" data-e-action-hash=\"#elementor-action%3Aaction%3Dlightbox%26settings%3DeyJpZCI6MTY4MSwidXJsIjoiaHR0cHM6XC9cL3p3ZWl0ZWhlaW1hdC5hdFwvd3AtY29udGVudFwvdXBsb2Fkc1wvMjAyNVwvMTFcL2J1cmctbGFuZHNrcm9uLndlYnAiLCJzbGlkZXNob3ciOiJqem1mciJ9\">\n\t\t\t\t\t<div class=\"e-gallery-image elementor-gallery-item__image\" data-thumbnail=\"https:\/\/zweiteheimat.at\/wp-content\/uploads\/2025\/11\/burg-landskron-768x1024.webp\" data-width=\"768\" data-height=\"1024\" aria-label=\"Blick auf Villach\" role=\"img\" ><\/div>\n\t\t\t\t\t\t\t\t\t\t\t<div class=\"elementor-gallery-item__overlay\"><\/div>\n\t\t\t\t\t\t\t\t\t\t\t\t\t\t<\/a>\n\t\t\t\t\t\t\t<a class=\"e-gallery-item elementor-gallery-item elementor-animated-content\" href=\"https:\/\/zweiteheimat.at\/wp-content\/uploads\/2025\/11\/radfahren-am-ossiacher-see.webp\" data-elementor-open-lightbox=\"yes\" data-elementor-lightbox-slideshow=\"jzmfr\" data-elementor-lightbox-title=\"Fietsen aan de Ossiacher See\" data-e-action-hash=\"#elementor-action%3Aaction%3Dlightbox%26settings%3DeyJpZCI6MTY4MiwidXJsIjoiaHR0cHM6XC9cL3p3ZWl0ZWhlaW1hdC5hdFwvd3AtY29udGVudFwvdXBsb2Fkc1wvMjAyNVwvMTFcL3JhZGZhaHJlbi1hbS1vc3NpYWNoZXItc2VlLndlYnAiLCJzbGlkZXNob3ciOiJqem1mciJ9\">\n\t\t\t\t\t<div class=\"e-gallery-image elementor-gallery-item__image\" data-thumbnail=\"https:\/\/zweiteheimat.at\/wp-content\/uploads\/2025\/11\/radfahren-am-ossiacher-see-768x576.webp\" data-width=\"768\" data-height=\"576\" aria-label=\"Schiffsanleger Steindorf\" role=\"img\" ><\/div>\n\t\t\t\t\t\t\t\t\t\t\t<div class=\"elementor-gallery-item__overlay\"><\/div>\n\t\t\t\t\t\t\t\t\t\t\t\t\t\t<\/a>\n\t\t\t\t\t\t\t<a class=\"e-gallery-item elementor-gallery-item elementor-animated-content\" href=\"https:\/\/zweiteheimat.at\/wp-content\/uploads\/2025\/11\/sommer-am-ossiacher-see-unterkunft.jpeg\" data-elementor-open-lightbox=\"yes\" data-elementor-lightbox-slideshow=\"jzmfr\" data-elementor-lightbox-title=\"Zomer aan de Ossiacher See - Accommodatie\" data-e-action-hash=\"#elementor-action%3Aaction%3Dlightbox%26settings%3DeyJpZCI6MTY4MywidXJsIjoiaHR0cHM6XC9cL3p3ZWl0ZWhlaW1hdC5hdFwvd3AtY29udGVudFwvdXBsb2Fkc1wvMjAyNVwvMTFcL3NvbW1lci1hbS1vc3NpYWNoZXItc2VlLXVudGVya3VuZnQuanBlZyIsInNsaWRlc2hvdyI6Imp6bWZyIn0%3D\">\n\t\t\t\t\t<div class=\"e-gallery-image elementor-gallery-item__image\" data-thumbnail=\"https:\/\/zweiteheimat.at\/wp-content\/uploads\/2025\/11\/sommer-am-ossiacher-see-unterkunft-768x576.jpeg\" data-width=\"768\" data-height=\"576\" aria-label=\"Sommer am Ossiacher See - Unterkunft\" role=\"img\" ><\/div>\n\t\t\t\t\t\t\t\t\t\t\t<div class=\"elementor-gallery-item__overlay\"><\/div>\n\t\t\t\t\t\t\t\t\t\t\t\t\t\t<\/a>\n\t\t\t\t\t\t\t<a class=\"e-gallery-item elementor-gallery-item elementor-animated-content\" href=\"https:\/\/zweiteheimat.at\/wp-content\/uploads\/2025\/11\/schiffsanleger-ossiach.jpeg\" data-elementor-open-lightbox=\"yes\" data-elementor-lightbox-slideshow=\"jzmfr\" data-elementor-lightbox-title=\"Aanlegsteiger Ossiach\" data-e-action-hash=\"#elementor-action%3Aaction%3Dlightbox%26settings%3DeyJpZCI6MTY4NCwidXJsIjoiaHR0cHM6XC9cL3p3ZWl0ZWhlaW1hdC5hdFwvd3AtY29udGVudFwvdXBsb2Fkc1wvMjAyNVwvMTFcL3NjaGlmZnNhbmxlZ2VyLW9zc2lhY2guanBlZyIsInNsaWRlc2hvdyI6Imp6bWZyIn0%3D\">\n\t\t\t\t\t<div class=\"e-gallery-image elementor-gallery-item__image\" data-thumbnail=\"https:\/\/zweiteheimat.at\/wp-content\/uploads\/2025\/11\/schiffsanleger-ossiach-768x1024.jpeg\" data-width=\"768\" data-height=\"1024\" aria-label=\"Ossiach Schiffsanleger\" role=\"img\" ><\/div>\n\t\t\t\t\t\t\t\t\t\t\t<div class=\"elementor-gallery-item__overlay\"><\/div>\n\t\t\t\t\t\t\t\t\t\t\t\t\t\t<\/a>\n\t\t\t\t\t\t\t<a class=\"e-gallery-item elementor-gallery-item elementor-animated-content\" href=\"https:\/\/zweiteheimat.at\/wp-content\/uploads\/2025\/11\/fruehling-am-woerthersee-unterkunft.jpg\" data-elementor-open-lightbox=\"yes\" data-elementor-lightbox-slideshow=\"jzmfr\" data-elementor-lightbox-title=\"Lente aan de W\u00f6rthersee - Accommodatie\" data-elementor-lightbox-description=\"Lente aan de W\u00f6rthersee - Accommodatie\" data-e-action-hash=\"#elementor-action%3Aaction%3Dlightbox%26settings%3DeyJpZCI6MTY4NSwidXJsIjoiaHR0cHM6XC9cL3p3ZWl0ZWhlaW1hdC5hdFwvd3AtY29udGVudFwvdXBsb2Fkc1wvMjAyNVwvMTFcL2ZydWVobGluZy1hbS13b2VydGhlcnNlZS11bnRlcmt1bmZ0LmpwZyIsInNsaWRlc2hvdyI6Imp6bWZyIn0%3D\">\n\t\t\t\t\t<div class=\"e-gallery-image elementor-gallery-item__image\" data-thumbnail=\"https:\/\/zweiteheimat.at\/wp-content\/uploads\/2025\/11\/fruehling-am-woerthersee-unterkunft-768x1024.jpg\" data-width=\"768\" data-height=\"1024\" aria-label=\"W\u00f6rthersee K\u00e4rnten\" role=\"img\" ><\/div>\n\t\t\t\t\t\t\t\t\t\t\t<div class=\"elementor-gallery-item__overlay\"><\/div>\n\t\t\t\t\t\t\t\t\t\t\t\t\t\t<\/a>\n\t\t\t\t\t\t\t<a class=\"e-gallery-item elementor-gallery-item elementor-animated-content\" href=\"https:\/\/zweiteheimat.at\/wp-content\/uploads\/2025\/11\/ossiacher-see-fruehling.jpeg\" data-elementor-open-lightbox=\"yes\" data-elementor-lightbox-slideshow=\"jzmfr\" data-elementor-lightbox-title=\"Ossiach meer\" data-e-action-hash=\"#elementor-action%3Aaction%3Dlightbox%26settings%3DeyJpZCI6MTY4NiwidXJsIjoiaHR0cHM6XC9cL3p3ZWl0ZWhlaW1hdC5hdFwvd3AtY29udGVudFwvdXBsb2Fkc1wvMjAyNVwvMTFcL29zc2lhY2hlci1zZWUtZnJ1ZWhsaW5nLmpwZWciLCJzbGlkZXNob3ciOiJqem1mciJ9\">\n\t\t\t\t\t<div class=\"e-gallery-image elementor-gallery-item__image\" data-thumbnail=\"https:\/\/zweiteheimat.at\/wp-content\/uploads\/2025\/11\/ossiacher-see-fruehling-768x576.jpeg\" data-width=\"768\" data-height=\"576\" aria-label=\"Kurpark Bodensdorf - Ossiacher See\" role=\"img\" ><\/div>\n\t\t\t\t\t\t\t\t\t\t\t<div class=\"elementor-gallery-item__overlay\"><\/div>\n\t\t\t\t\t\t\t\t\t\t\t\t\t\t<\/a>\n\t\t\t\t\t\t\t<a class=\"e-gallery-item elementor-gallery-item elementor-animated-content\" href=\"https:\/\/zweiteheimat.at\/wp-content\/uploads\/2025\/11\/tarvisio-laghi-di-fusine.jpeg\" data-elementor-open-lightbox=\"yes\" data-elementor-lightbox-slideshow=\"jzmfr\" data-elementor-lightbox-title=\"Tarvisio - Laghi di Fusine\" data-e-action-hash=\"#elementor-action%3Aaction%3Dlightbox%26settings%3DeyJpZCI6MTY4NywidXJsIjoiaHR0cHM6XC9cL3p3ZWl0ZWhlaW1hdC5hdFwvd3AtY29udGVudFwvdXBsb2Fkc1wvMjAyNVwvMTFcL3RhcnZpc2lvLWxhZ2hpLWRpLWZ1c2luZS5qcGVnIiwic2xpZGVzaG93IjoianptZnIifQ%3D%3D\">\n\t\t\t\t\t<div class=\"e-gallery-image elementor-gallery-item__image\" data-thumbnail=\"https:\/\/zweiteheimat.at\/wp-content\/uploads\/2025\/11\/tarvisio-laghi-di-fusine-768x576.jpeg\" data-width=\"768\" data-height=\"576\" aria-label=\"Tarvisio - Laghi di Fusine\" role=\"img\" ><\/div>\n\t\t\t\t\t\t\t\t\t\t\t<div class=\"elementor-gallery-item__overlay\"><\/div>\n\t\t\t\t\t\t\t\t\t\t\t\t\t\t<\/a>\n\t\t\t\t\t\t\t<a class=\"e-gallery-item elementor-gallery-item elementor-animated-content\" href=\"https:\/\/zweiteheimat.at\/wp-content\/uploads\/2025\/11\/fruehlingswiese-rosental-kaernten.webp\" data-elementor-open-lightbox=\"yes\" data-elementor-lightbox-slideshow=\"jzmfr\" data-elementor-lightbox-title=\"Lenteweide Rosental\" data-e-action-hash=\"#elementor-action%3Aaction%3Dlightbox%26settings%3DeyJpZCI6MTY4OCwidXJsIjoiaHR0cHM6XC9cL3p3ZWl0ZWhlaW1hdC5hdFwvd3AtY29udGVudFwvdXBsb2Fkc1wvMjAyNVwvMTFcL2ZydWVobGluZ3N3aWVzZS1yb3NlbnRhbC1rYWVybnRlbi53ZWJwIiwic2xpZGVzaG93IjoianptZnIifQ%3D%3D\">\n\t\t\t\t\t<div class=\"e-gallery-image elementor-gallery-item__image\" data-thumbnail=\"https:\/\/zweiteheimat.at\/wp-content\/uploads\/2025\/11\/fruehlingswiese-rosental-kaernten-768x1140.webp\" data-width=\"768\" data-height=\"1140\" aria-label=\"Fr\u00fchling in K\u00e4rnten\" role=\"img\" ><\/div>\n\t\t\t\t\t\t\t\t\t\t\t<div class=\"elementor-gallery-item__overlay\"><\/div>\n\t\t\t\t\t\t\t\t\t\t\t\t\t\t<\/a>\n\t\t\t\t\t\t\t<a class=\"e-gallery-item elementor-gallery-item elementor-animated-content\" href=\"https:\/\/zweiteheimat.at\/wp-content\/uploads\/2025\/11\/blick-auf-den-seewirt-stift-ossiach.jpeg\" data-elementor-open-lightbox=\"yes\" data-elementor-lightbox-slideshow=\"jzmfr\" data-elementor-lightbox-title=\"Uitzicht op de Seewirt - Abdij Ossiach\" data-e-action-hash=\"#elementor-action%3Aaction%3Dlightbox%26settings%3DeyJpZCI6MTY4OSwidXJsIjoiaHR0cHM6XC9cL3p3ZWl0ZWhlaW1hdC5hdFwvd3AtY29udGVudFwvdXBsb2Fkc1wvMjAyNVwvMTFcL2JsaWNrLWF1Zi1kZW4tc2Vld2lydC1zdGlmdC1vc3NpYWNoLmpwZWciLCJzbGlkZXNob3ciOiJqem1mciJ9\">\n\t\t\t\t\t<div class=\"e-gallery-image elementor-gallery-item__image\" data-thumbnail=\"https:\/\/zweiteheimat.at\/wp-content\/uploads\/2025\/11\/blick-auf-den-seewirt-stift-ossiach-768x1024.jpeg\" data-width=\"768\" data-height=\"1024\" aria-label=\"Blick auf den Seewirt - Stift Ossiach\" role=\"img\" ><\/div>\n\t\t\t\t\t\t\t\t\t\t\t<div class=\"elementor-gallery-item__overlay\"><\/div>\n\t\t\t\t\t\t\t\t\t\t\t\t\t\t<\/a>\n\t\t\t\t\t\t\t<a class=\"e-gallery-item elementor-gallery-item elementor-animated-content\" href=\"https:\/\/zweiteheimat.at\/wp-content\/uploads\/2025\/11\/kaernten-finsterbach-wasserfaelle.jpeg\" data-elementor-open-lightbox=\"yes\" data-elementor-lightbox-slideshow=\"jzmfr\" data-elementor-lightbox-title=\"De watervallen van Finsterbach\" data-e-action-hash=\"#elementor-action%3Aaction%3Dlightbox%26settings%3DeyJpZCI6MTY5MCwidXJsIjoiaHR0cHM6XC9cL3p3ZWl0ZWhlaW1hdC5hdFwvd3AtY29udGVudFwvdXBsb2Fkc1wvMjAyNVwvMTFcL2thZXJudGVuLWZpbnN0ZXJiYWNoLXdhc3NlcmZhZWxsZS5qcGVnIiwic2xpZGVzaG93IjoianptZnIifQ%3D%3D\">\n\t\t\t\t\t<div class=\"e-gallery-image elementor-gallery-item__image\" data-thumbnail=\"https:\/\/zweiteheimat.at\/wp-content\/uploads\/2025\/11\/kaernten-finsterbach-wasserfaelle-768x1024.jpeg\" data-width=\"768\" data-height=\"1024\" aria-label=\"Finsterbach Wasserf\u00e4lle Sattendorf\" role=\"img\" ><\/div>\n\t\t\t\t\t\t\t\t\t\t\t<div class=\"elementor-gallery-item__overlay\"><\/div>\n\t\t\t\t\t\t\t\t\t\t\t\t\t\t<\/a>\n\t\t\t\t\t\t\t<a class=\"e-gallery-item elementor-gallery-item elementor-animated-content\" href=\"https:\/\/zweiteheimat.at\/wp-content\/uploads\/2025\/11\/ossiacher-see-seeufer-bodensdorf.jpeg\" data-elementor-open-lightbox=\"yes\" data-elementor-lightbox-slideshow=\"jzmfr\" data-elementor-lightbox-title=\"Oever van het meer in Bodensdorf\" data-e-action-hash=\"#elementor-action%3Aaction%3Dlightbox%26settings%3DeyJpZCI6MTY5MSwidXJsIjoiaHR0cHM6XC9cL3p3ZWl0ZWhlaW1hdC5hdFwvd3AtY29udGVudFwvdXBsb2Fkc1wvMjAyNVwvMTFcL29zc2lhY2hlci1zZWUtc2VldWZlci1ib2RlbnNkb3JmLmpwZWciLCJzbGlkZXNob3ciOiJqem1mciJ9\">\n\t\t\t\t\t<div class=\"e-gallery-image elementor-gallery-item__image\" data-thumbnail=\"https:\/\/zweiteheimat.at\/wp-content\/uploads\/2025\/11\/ossiacher-see-seeufer-bodensdorf-768x576.jpeg\" data-width=\"768\" data-height=\"576\" aria-label=\"Kurpark Bodensdorf\" role=\"img\" ><\/div>\n\t\t\t\t\t\t\t\t\t\t\t<div class=\"elementor-gallery-item__overlay\"><\/div>\n\t\t\t\t\t\t\t\t\t\t\t\t\t\t<\/a>\n\t\t\t\t\t\t\t<a class=\"e-gallery-item elementor-gallery-item elementor-animated-content\" href=\"https:\/\/zweiteheimat.at\/wp-content\/uploads\/2025\/11\/ossiacher-see-unterkunft.jpeg\" data-elementor-open-lightbox=\"yes\" data-elementor-lightbox-slideshow=\"jzmfr\" data-elementor-lightbox-title=\"Ossiacher See - Accommodatie\" data-e-action-hash=\"#elementor-action%3Aaction%3Dlightbox%26settings%3DeyJpZCI6MTY5MiwidXJsIjoiaHR0cHM6XC9cL3p3ZWl0ZWhlaW1hdC5hdFwvd3AtY29udGVudFwvdXBsb2Fkc1wvMjAyNVwvMTFcL29zc2lhY2hlci1zZWUtdW50ZXJrdW5mdC5qcGVnIiwic2xpZGVzaG93IjoianptZnIifQ%3D%3D\">\n\t\t\t\t\t<div class=\"e-gallery-image elementor-gallery-item__image\" data-thumbnail=\"https:\/\/zweiteheimat.at\/wp-content\/uploads\/2025\/11\/ossiacher-see-unterkunft-768x576.jpeg\" data-width=\"768\" data-height=\"576\" aria-label=\"Ossiacher See - Unterkunft\" role=\"img\" ><\/div>\n\t\t\t\t\t\t\t\t\t\t\t<div class=\"elementor-gallery-item__overlay\"><\/div>\n\t\t\t\t\t\t\t\t\t\t\t\t\t\t<\/a>\n\t\t\t\t\t<\/div>\n\t\t\t\t\t<\/div>\n\t\t\t\t<\/div>\n\t\t<div class=\"elementor-element elementor-element-jztipfr e-con-full e-flex e-con e-child\" data-id=\"jztipfr\" data-element_type=\"container\" data-e-type=\"container\" data-settings=\"{&quot;background_background&quot;:&quot;classic&quot;}\">\n\t\t\t\t<div class=\"elementor-element elementor-element-jztipfrk elementor-widget elementor-widget-heading\" data-id=\"jztipfrk\" data-element_type=\"widget\" data-e-type=\"widget\" data-widget_type=\"heading.default\">\n\t\t\t\t<div class=\"elementor-widget-container\">\n\t\t\t\t\t<div class=\"elementor-heading-title elementor-size-default\">Lentegevoelens<\/div>\t\t\t\t<\/div>\n\t\t\t\t<\/div>\n\t\t\t\t<div class=\"elementor-element elementor-element-jztipfrt zh-mw900 elementor-widget elementor-widget-heading\" data-id=\"jztipfrt\" data-element_type=\"widget\" data-e-type=\"widget\" data-widget_type=\"heading.default\">\n\t\t\t\t<div class=\"elementor-widget-container\">\n\t\t\t\t\t<div class=\"elementor-heading-title elementor-size-default\">\u201eHet zachte ontwaken van de natuur en de eerste zwoele dagen op het terras \u2013 de lente aan de Ossiacher See staat bol van de nieuwe begin.\u201c<\/div>\t\t\t\t<\/div>\n\t\t\t\t<\/div>\n\t\t\t\t<\/div>\n\t\t\t\t\t<\/div>\n\t\t\t\t<\/div>\n\t\t<div id=\"e-n-tab-content-1712\" role=\"tabpanel\" aria-labelledby=\"e-n-tab-title-1712\" data-tab-index=\"2\" style=\"--n-tabs-title-order: 2;\" class=\"elementor-element elementor-element-jzpso e-flex e-con-boxed e-con e-child\" data-id=\"jzpso\" data-element_type=\"container\" data-e-type=\"container\">\n\t\t\t\t\t<div class=\"e-con-inner\">\n\t\t<div class=\"elementor-element elementor-element-jzedso e-grid e-con-boxed e-con e-child\" data-id=\"jzedso\" data-element_type=\"container\" data-e-type=\"container\">\n\t\t\t\t\t<div class=\"e-con-inner\">\n\t\t<div class=\"elementor-element elementor-element-jzedsol e-flex e-con-boxed e-con e-child\" data-id=\"jzedsol\" data-element_type=\"container\" data-e-type=\"container\">\n\t\t\t\t\t<div class=\"e-con-inner\">\n\t\t\t\t<div class=\"elementor-element elementor-element-jzsok elementor-widget elementor-widget-heading\" data-id=\"jzsok\" data-element_type=\"widget\" data-e-type=\"widget\" data-widget_type=\"heading.default\">\n\t\t\t\t<div class=\"elementor-widget-container\">\n\t\t\t\t\t<div class=\"elementor-heading-title elementor-size-default\">Zomer<\/div>\t\t\t\t<\/div>\n\t\t\t\t<\/div>\n\t\t\t\t<div class=\"elementor-element elementor-element-jzsot elementor-widget elementor-widget-heading\" data-id=\"jzsot\" data-element_type=\"widget\" data-e-type=\"widget\" data-widget_type=\"heading.default\">\n\t\t\t\t<div class=\"elementor-widget-container\">\n\t\t\t\t\t<h2 class=\"elementor-heading-title elementor-size-default\">Een midzomernachtsdroom bij het meer<\/h2>\t\t\t\t<\/div>\n\t\t\t\t<\/div>\n\t\t<div class=\"elementor-element elementor-element-jzsochips e-flex e-con-boxed e-con e-child\" data-id=\"jzsochips\" data-element_type=\"container\" data-e-type=\"container\">\n\t\t\t\t\t<div class=\"e-con-inner\">\n\t\t\t\t<div class=\"elementor-element elementor-element-jzsoc1t zh-chip elementor-widget elementor-widget-heading\" data-id=\"jzsoc1t\" data-element_type=\"widget\" data-e-type=\"widget\" data-widget_type=\"heading.default\">\n\t\t\t\t<div class=\"elementor-widget-container\">\n\t\t\t\t\t<div class=\"elementor-heading-title elementor-size-default\">Zwemmen tot 28\u00b0<\/div>\t\t\t\t<\/div>\n\t\t\t\t<\/div>\n\t\t\t\t<div class=\"elementor-element elementor-element-jzsoc2t zh-chip elementor-widget elementor-widget-heading\" data-id=\"jzsoc2t\" data-element_type=\"widget\" data-e-type=\"widget\" data-widget_type=\"heading.default\">\n\t\t\t\t<div class=\"elementor-widget-container\">\n\t\t\t\t\t<div class=\"elementor-heading-title elementor-size-default\">SUP &amp; waterfiets<\/div>\t\t\t\t<\/div>\n\t\t\t\t<\/div>\n\t\t\t\t<div class=\"elementor-element elementor-element-jzsoc3t zh-chip elementor-widget elementor-widget-heading\" data-id=\"jzsoc3t\" data-element_type=\"widget\" data-e-type=\"widget\" data-widget_type=\"heading.default\">\n\t\t\t\t<div class=\"elementor-widget-container\">\n\t\t\t\t\t<div class=\"elementor-heading-title elementor-size-default\">Paragliding<\/div>\t\t\t\t<\/div>\n\t\t\t\t<\/div>\n\t\t\t\t<div class=\"elementor-element elementor-element-jzsoc4t zh-chip elementor-widget elementor-widget-heading\" data-id=\"jzsoc4t\" data-element_type=\"widget\" data-e-type=\"widget\" data-widget_type=\"heading.default\">\n\t\t\t\t<div class=\"elementor-widget-container\">\n\t\t\t\t\t<div class=\"elementor-heading-title elementor-size-default\">Villach kerk dag<\/div>\t\t\t\t<\/div>\n\t\t\t\t<\/div>\n\t\t\t\t\t<\/div>\n\t\t\t\t<\/div>\n\t\t\t\t\t<\/div>\n\t\t\t\t<\/div>\n\t\t\t\t<div class=\"elementor-element elementor-element-jzedsor elementor-widget elementor-widget-text-editor\" data-id=\"jzedsor\" data-element_type=\"widget\" data-e-type=\"widget\" data-widget_type=\"text-editor.default\">\n\t\t\t\t<div class=\"elementor-widget-container\">\n\t\t\t\t\t\t\t\t\t<p>De zomer in Karinthi\u00eb is een feest voor alle zintuigen. Meer dan 200 badmeren met drinkwaterkwaliteit bieden perfecte omstandigheden voor watersport, zwemplezier of gewoon om even tot rust te komen aan de oever. De bergen lokken met tochten naar de toppen met prachtige uitzichten, terwijl gezellige berghutten uitnodigen voor een hapje en een drankje met regionale specialiteiten.<\/p><p>De Ossiacher See ligt op slechts enkele minuten lopen, wordt tot 28 graden warm en heeft zacht aflopende kiezelstranden. SUP, waterfietsen, banden varen, paragliden of waterski\u00ebn \u2013 wandelpaden beginnen direct voor de deur. Eind juli wordt in Villach sinds 1936 de Villacher Kirchtag gevierd, het grootste volksfeest van Oostenrijk met een Oktoberfest-sfeer.<\/p>\t\t\t\t\t\t\t\t<\/div>\n\t\t\t\t<\/div>\n\t\t\t\t\t<\/div>\n\t\t\t\t<\/div>\n\t\t\t\t<div class=\"elementor-element elementor-element-jzmso elementor-widget elementor-widget-gallery\" data-id=\"jzmso\" data-element_type=\"widget\" data-e-type=\"widget\" data-settings=\"{&quot;gallery_layout&quot;:&quot;masonry&quot;,&quot;columns&quot;:3,&quot;gap&quot;:{&quot;unit&quot;:&quot;px&quot;,&quot;size&quot;:12,&quot;sizes&quot;:[]},&quot;gap_tablet&quot;:{&quot;unit&quot;:&quot;px&quot;,&quot;size&quot;:12,&quot;sizes&quot;:[]},&quot;overlay_background&quot;:&quot;no&quot;,&quot;lazyload&quot;:&quot;yes&quot;,&quot;columns_tablet&quot;:2,&quot;columns_mobile&quot;:1,&quot;gap_mobile&quot;:{&quot;unit&quot;:&quot;px&quot;,&quot;size&quot;:10,&quot;sizes&quot;:[]},&quot;link_to&quot;:&quot;file&quot;,&quot;content_hover_animation&quot;:&quot;fade-in&quot;}\" data-widget_type=\"gallery.default\">\n\t\t\t\t<div class=\"elementor-widget-container\">\n\t\t\t\t\t\t\t<div class=\"elementor-gallery__container\">\n\t\t\t\t\t\t\t<a class=\"e-gallery-item elementor-gallery-item elementor-animated-content\" href=\"https:\/\/zweiteheimat.at\/wp-content\/uploads\/2025\/11\/ossiacher-see-sommer.jpeg\" data-elementor-open-lightbox=\"yes\" data-elementor-lightbox-slideshow=\"jzmso\" data-elementor-lightbox-title=\"Uitzicht op de Ossiacher See\" data-elementor-lightbox-description=\"Ossiach meer\" data-e-action-hash=\"#elementor-action%3Aaction%3Dlightbox%26settings%3DeyJpZCI6MTcwMiwidXJsIjoiaHR0cHM6XC9cL3p3ZWl0ZWhlaW1hdC5hdFwvd3AtY29udGVudFwvdXBsb2Fkc1wvMjAyNVwvMTFcL29zc2lhY2hlci1zZWUtc29tbWVyLmpwZWciLCJzbGlkZXNob3ciOiJqem1zbyJ9\">\n\t\t\t\t\t<div class=\"e-gallery-image elementor-gallery-item__image\" data-thumbnail=\"https:\/\/zweiteheimat.at\/wp-content\/uploads\/2025\/11\/ossiacher-see-sommer-768x576.jpeg\" data-width=\"768\" data-height=\"576\" aria-label=\"Blick auf den Ossiacher See\" role=\"img\" ><\/div>\n\t\t\t\t\t\t\t\t\t\t\t<div class=\"elementor-gallery-item__overlay\"><\/div>\n\t\t\t\t\t\t\t\t\t\t\t\t\t\t<\/a>\n\t\t\t\t\t\t\t<a class=\"e-gallery-item elementor-gallery-item elementor-animated-content\" href=\"https:\/\/zweiteheimat.at\/wp-content\/uploads\/2025\/11\/blick-auf-den-ossiacher-see.jpeg\" data-elementor-open-lightbox=\"yes\" data-elementor-lightbox-slideshow=\"jzmso\" data-elementor-lightbox-title=\"Uitzicht op de Ossiacher See\" data-e-action-hash=\"#elementor-action%3Aaction%3Dlightbox%26settings%3DeyJpZCI6MTcwMywidXJsIjoiaHR0cHM6XC9cL3p3ZWl0ZWhlaW1hdC5hdFwvd3AtY29udGVudFwvdXBsb2Fkc1wvMjAyNVwvMTFcL2JsaWNrLWF1Zi1kZW4tb3NzaWFjaGVyLXNlZS5qcGVnIiwic2xpZGVzaG93Ijoianptc28ifQ%3D%3D\">\n\t\t\t\t\t<div class=\"e-gallery-image elementor-gallery-item__image\" data-thumbnail=\"https:\/\/zweiteheimat.at\/wp-content\/uploads\/2025\/11\/blick-auf-den-ossiacher-see-768x432.jpeg\" data-width=\"768\" data-height=\"432\" aria-label=\"Blick auf den Ossiacher See\" role=\"img\" ><\/div>\n\t\t\t\t\t\t\t\t\t\t\t<div class=\"elementor-gallery-item__overlay\"><\/div>\n\t\t\t\t\t\t\t\t\t\t\t\t\t\t<\/a>\n\t\t\t\t\t\t\t<a class=\"e-gallery-item elementor-gallery-item elementor-animated-content\" href=\"https:\/\/zweiteheimat.at\/wp-content\/uploads\/2025\/11\/wasserspass-am-ossiacher-see.jpeg\" data-elementor-open-lightbox=\"yes\" data-elementor-lightbox-slideshow=\"jzmso\" data-elementor-lightbox-title=\"Waterpret op de Ossiacher See\" data-e-action-hash=\"#elementor-action%3Aaction%3Dlightbox%26settings%3DeyJpZCI6MTcwNCwidXJsIjoiaHR0cHM6XC9cL3p3ZWl0ZWhlaW1hdC5hdFwvd3AtY29udGVudFwvdXBsb2Fkc1wvMjAyNVwvMTFcL3dhc3NlcnNwYXNzLWFtLW9zc2lhY2hlci1zZWUuanBlZyIsInNsaWRlc2hvdyI6Imp6bXNvIn0%3D\">\n\t\t\t\t\t<div class=\"e-gallery-image elementor-gallery-item__image\" data-thumbnail=\"https:\/\/zweiteheimat.at\/wp-content\/uploads\/2025\/11\/wasserspass-am-ossiacher-see-768x576.jpeg\" data-width=\"768\" data-height=\"576\" aria-label=\"Wasserspa\u00df am Ossiacher See\" role=\"img\" ><\/div>\n\t\t\t\t\t\t\t\t\t\t\t<div class=\"elementor-gallery-item__overlay\"><\/div>\n\t\t\t\t\t\t\t\t\t\t\t\t\t\t<\/a>\n\t\t\t\t\t\t\t<a class=\"e-gallery-item elementor-gallery-item elementor-animated-content\" href=\"https:\/\/zweiteheimat.at\/wp-content\/uploads\/2025\/11\/schlosshotel-velden-am-woerthersee-unterkunft.jpeg\" data-elementor-open-lightbox=\"yes\" data-elementor-lightbox-slideshow=\"jzmso\" data-elementor-lightbox-title=\"Schlosshotel Velden am W\u00f6rthersee - Accommodatie\" data-e-action-hash=\"#elementor-action%3Aaction%3Dlightbox%26settings%3DeyJpZCI6MTcwNSwidXJsIjoiaHR0cHM6XC9cL3p3ZWl0ZWhlaW1hdC5hdFwvd3AtY29udGVudFwvdXBsb2Fkc1wvMjAyNVwvMTFcL3NjaGxvc3Nob3RlbC12ZWxkZW4tYW0td29lcnRoZXJzZWUtdW50ZXJrdW5mdC5qcGVnIiwic2xpZGVzaG93Ijoianptc28ifQ%3D%3D\">\n\t\t\t\t\t<div class=\"e-gallery-image elementor-gallery-item__image\" data-thumbnail=\"https:\/\/zweiteheimat.at\/wp-content\/uploads\/2025\/11\/schlosshotel-velden-am-woerthersee-unterkunft-768x576.jpeg\" data-width=\"768\" data-height=\"576\" aria-label=\"Schlosshotel Velden am W\u00f6rthersee - Unterkunft\" role=\"img\" ><\/div>\n\t\t\t\t\t\t\t\t\t\t\t<div class=\"elementor-gallery-item__overlay\"><\/div>\n\t\t\t\t\t\t\t\t\t\t\t\t\t\t<\/a>\n\t\t\t\t\t\t\t<a class=\"e-gallery-item elementor-gallery-item elementor-animated-content\" href=\"https:\/\/zweiteheimat.at\/wp-content\/uploads\/2025\/11\/ossiacher-see-schiffsanleger-bodensdorf.jpeg\" data-elementor-open-lightbox=\"yes\" data-elementor-lightbox-slideshow=\"jzmso\" data-elementor-lightbox-title=\"Bodensdorf steiger\" data-elementor-lightbox-description=\"Bodensdorf steiger\" data-e-action-hash=\"#elementor-action%3Aaction%3Dlightbox%26settings%3DeyJpZCI6MTcwNiwidXJsIjoiaHR0cHM6XC9cL3p3ZWl0ZWhlaW1hdC5hdFwvd3AtY29udGVudFwvdXBsb2Fkc1wvMjAyNVwvMTFcL29zc2lhY2hlci1zZWUtc2NoaWZmc2FubGVnZXItYm9kZW5zZG9yZi5qcGVnIiwic2xpZGVzaG93Ijoianptc28ifQ%3D%3D\">\n\t\t\t\t\t<div class=\"e-gallery-image elementor-gallery-item__image\" data-thumbnail=\"https:\/\/zweiteheimat.at\/wp-content\/uploads\/2025\/11\/ossiacher-see-schiffsanleger-bodensdorf-768x506.jpeg\" data-width=\"768\" data-height=\"506\" aria-label=\"Schiffsanleger Bodensdorf\" role=\"img\" ><\/div>\n\t\t\t\t\t\t\t\t\t\t\t<div class=\"elementor-gallery-item__overlay\"><\/div>\n\t\t\t\t\t\t\t\t\t\t\t\t\t\t<\/a>\n\t\t\t\t\t\t\t<a class=\"e-gallery-item elementor-gallery-item elementor-animated-content\" href=\"https:\/\/zweiteheimat.at\/wp-content\/uploads\/2025\/11\/blick-von-der-burg-landskron-auf-die-gerlitzen.jpeg\" data-elementor-open-lightbox=\"yes\" data-elementor-lightbox-slideshow=\"jzmso\" data-elementor-lightbox-title=\"Uitzicht vanaf kasteel Landskron op de Gerlitzen\" data-elementor-lightbox-description=\"Uitzicht vanaf kasteel Landskron op de Gerlitzen\" data-e-action-hash=\"#elementor-action%3Aaction%3Dlightbox%26settings%3DeyJpZCI6MTcwOCwidXJsIjoiaHR0cHM6XC9cL3p3ZWl0ZWhlaW1hdC5hdFwvd3AtY29udGVudFwvdXBsb2Fkc1wvMjAyNVwvMTFcL2JsaWNrLXZvbi1kZXItYnVyZy1sYW5kc2tyb24tYXVmLWRpZS1nZXJsaXR6ZW4uanBlZyIsInNsaWRlc2hvdyI6Imp6bXNvIn0%3D\">\n\t\t\t\t\t<div class=\"e-gallery-image elementor-gallery-item__image\" data-thumbnail=\"https:\/\/zweiteheimat.at\/wp-content\/uploads\/2025\/11\/blick-von-der-burg-landskron-auf-die-gerlitzen-768x576.jpeg\" data-width=\"768\" data-height=\"576\" aria-label=\"Blick von der Burg Landkron auf die Gerlitzen\" role=\"img\" ><\/div>\n\t\t\t\t\t\t\t\t\t\t\t<div class=\"elementor-gallery-item__overlay\"><\/div>\n\t\t\t\t\t\t\t\t\t\t\t\t\t\t<\/a>\n\t\t\t\t\t\t\t<a class=\"e-gallery-item elementor-gallery-item elementor-animated-content\" href=\"https:\/\/zweiteheimat.at\/wp-content\/uploads\/2025\/11\/IMG_4446.jpeg\" data-elementor-open-lightbox=\"yes\" data-elementor-lightbox-slideshow=\"jzmso\" data-elementor-lightbox-title=\"Zomers alpenleven in het drielandenpunt\" data-e-action-hash=\"#elementor-action%3Aaction%3Dlightbox%26settings%3DeyJpZCI6MTcwOSwidXJsIjoiaHR0cHM6XC9cL3p3ZWl0ZWhlaW1hdC5hdFwvd3AtY29udGVudFwvdXBsb2Fkc1wvMjAyNVwvMTFcL0lNR180NDQ2LmpwZWciLCJzbGlkZXNob3ciOiJqem1zbyJ9\">\n\t\t\t\t\t<div class=\"e-gallery-image elementor-gallery-item__image\" data-thumbnail=\"https:\/\/zweiteheimat.at\/wp-content\/uploads\/2025\/11\/IMG_4446-768x576.jpeg\" data-width=\"768\" data-height=\"576\" aria-label=\"Sommerliches Almleben am Dreil\u00e4ndereck\" role=\"img\" ><\/div>\n\t\t\t\t\t\t\t\t\t\t\t<div class=\"elementor-gallery-item__overlay\"><\/div>\n\t\t\t\t\t\t\t\t\t\t\t\t\t\t<\/a>\n\t\t\t\t\t\t\t<a class=\"e-gallery-item elementor-gallery-item elementor-animated-content\" href=\"https:\/\/zweiteheimat.at\/wp-content\/uploads\/2025\/11\/dreilaendreck.jpeg\" data-elementor-open-lightbox=\"yes\" data-elementor-lightbox-slideshow=\"jzmso\" data-elementor-lightbox-title=\"Uitzicht vanaf het Dreil\u00e4ndreck\" data-elementor-lightbox-description=\"Drielandenhoek\" data-e-action-hash=\"#elementor-action%3Aaction%3Dlightbox%26settings%3DeyJpZCI6MTcxMCwidXJsIjoiaHR0cHM6XC9cL3p3ZWl0ZWhlaW1hdC5hdFwvd3AtY29udGVudFwvdXBsb2Fkc1wvMjAyNVwvMTFcL2RyZWlsYWVuZHJlY2suanBlZyIsInNsaWRlc2hvdyI6Imp6bXNvIn0%3D\">\n\t\t\t\t\t<div class=\"e-gallery-image elementor-gallery-item__image\" data-thumbnail=\"https:\/\/zweiteheimat.at\/wp-content\/uploads\/2025\/11\/dreilaendreck-768x576.jpeg\" data-width=\"768\" data-height=\"576\" aria-label=\"Blick vom Dreil\u00e4ndreck\" role=\"img\" ><\/div>\n\t\t\t\t\t\t\t\t\t\t\t<div class=\"elementor-gallery-item__overlay\"><\/div>\n\t\t\t\t\t\t\t\t\t\t\t\t\t\t<\/a>\n\t\t\t\t\t\t\t<a class=\"e-gallery-item elementor-gallery-item elementor-animated-content\" href=\"https:\/\/zweiteheimat.at\/wp-content\/uploads\/2025\/11\/neugarten-almsee-huette-gerlitzen.jpeg\" data-elementor-open-lightbox=\"yes\" data-elementor-lightbox-slideshow=\"jzmso\" data-elementor-lightbox-title=\"Pauze in de Neugarten Almsee hut\" data-elementor-lightbox-description=\"Neugarten Almsee-hut\" data-e-action-hash=\"#elementor-action%3Aaction%3Dlightbox%26settings%3DeyJpZCI6MTcxMSwidXJsIjoiaHR0cHM6XC9cL3p3ZWl0ZWhlaW1hdC5hdFwvd3AtY29udGVudFwvdXBsb2Fkc1wvMjAyNVwvMTFcL25ldWdhcnRlbi1hbG1zZWUtaHVldHRlLWdlcmxpdHplbi5qcGVnIiwic2xpZGVzaG93Ijoianptc28ifQ%3D%3D\">\n\t\t\t\t\t<div class=\"e-gallery-image elementor-gallery-item__image\" data-thumbnail=\"https:\/\/zweiteheimat.at\/wp-content\/uploads\/2025\/11\/neugarten-almsee-huette-gerlitzen-768x1024.jpeg\" data-width=\"768\" data-height=\"1024\" aria-label=\"Pause auf der Neugarten Almsee H\u00fctte\" role=\"img\" ><\/div>\n\t\t\t\t\t\t\t\t\t\t\t<div class=\"elementor-gallery-item__overlay\"><\/div>\n\t\t\t\t\t\t\t\t\t\t\t\t\t\t<\/a>\n\t\t\t\t\t\t\t<a class=\"e-gallery-item elementor-gallery-item elementor-animated-content\" href=\"https:\/\/zweiteheimat.at\/wp-content\/uploads\/2025\/11\/doebriach-am-millstaetter-see.jpeg\" data-elementor-open-lightbox=\"yes\" data-elementor-lightbox-slideshow=\"jzmso\" data-elementor-lightbox-title=\"D\u00f6briach aan de Millst\u00e4tter See\" data-elementor-lightbox-description=\"D\u00f6briach aan de Millst\u00e4tter See\" data-e-action-hash=\"#elementor-action%3Aaction%3Dlightbox%26settings%3DeyJpZCI6MTcxMywidXJsIjoiaHR0cHM6XC9cL3p3ZWl0ZWhlaW1hdC5hdFwvd3AtY29udGVudFwvdXBsb2Fkc1wvMjAyNVwvMTFcL2RvZWJyaWFjaC1hbS1taWxsc3RhZXR0ZXItc2VlLmpwZWciLCJzbGlkZXNob3ciOiJqem1zbyJ9\">\n\t\t\t\t\t<div class=\"e-gallery-image elementor-gallery-item__image\" data-thumbnail=\"https:\/\/zweiteheimat.at\/wp-content\/uploads\/2025\/11\/doebriach-am-millstaetter-see-768x1024.jpeg\" data-width=\"768\" data-height=\"1024\" aria-label=\"D\u00f6briach am Millst\u00e4tter See\" role=\"img\" ><\/div>\n\t\t\t\t\t\t\t\t\t\t\t<div class=\"elementor-gallery-item__overlay\"><\/div>\n\t\t\t\t\t\t\t\t\t\t\t\t\t\t<\/a>\n\t\t\t\t\t\t\t<a class=\"e-gallery-item elementor-gallery-item elementor-animated-content\" href=\"https:\/\/zweiteheimat.at\/wp-content\/uploads\/2025\/11\/karibischer-weissensee-unterkunft.jpeg\" data-elementor-open-lightbox=\"yes\" data-elementor-lightbox-slideshow=\"jzmso\" data-elementor-lightbox-title=\"Cara\u00efbische Weissensee - Accommodatie\" data-elementor-lightbox-description=\"Cara\u00efbische Weissensee - Accommodatie\" data-e-action-hash=\"#elementor-action%3Aaction%3Dlightbox%26settings%3DeyJpZCI6MTcxNSwidXJsIjoiaHR0cHM6XC9cL3p3ZWl0ZWhlaW1hdC5hdFwvd3AtY29udGVudFwvdXBsb2Fkc1wvMjAyNVwvMTFcL2thcmliaXNjaGVyLXdlaXNzZW5zZWUtdW50ZXJrdW5mdC5qcGVnIiwic2xpZGVzaG93Ijoianptc28ifQ%3D%3D\">\n\t\t\t\t\t<div class=\"e-gallery-image elementor-gallery-item__image\" data-thumbnail=\"https:\/\/zweiteheimat.at\/wp-content\/uploads\/2025\/11\/karibischer-weissensee-unterkunft-768x1024.jpeg\" data-width=\"768\" data-height=\"1024\" aria-label=\"Karibischer Wei\u00dfensee - Unterkunft\" role=\"img\" ><\/div>\n\t\t\t\t\t\t\t\t\t\t\t<div class=\"elementor-gallery-item__overlay\"><\/div>\n\t\t\t\t\t\t\t\t\t\t\t\t\t\t<\/a>\n\t\t\t\t\t\t\t<a class=\"e-gallery-item elementor-gallery-item elementor-animated-content\" href=\"https:\/\/zweiteheimat.at\/wp-content\/uploads\/2025\/11\/villach-summer-unterkunft.jpeg\" data-elementor-open-lightbox=\"yes\" data-elementor-lightbox-slideshow=\"jzmso\" data-elementor-lightbox-title=\"Zomerleven in Villach - Accommodatie\" data-elementor-lightbox-description=\"Villach - Accommodatie\" data-e-action-hash=\"#elementor-action%3Aaction%3Dlightbox%26settings%3DeyJpZCI6MTcxNiwidXJsIjoiaHR0cHM6XC9cL3p3ZWl0ZWhlaW1hdC5hdFwvd3AtY29udGVudFwvdXBsb2Fkc1wvMjAyNVwvMTFcL3ZpbGxhY2gtc3VtbWVyLXVudGVya3VuZnQuanBlZyIsInNsaWRlc2hvdyI6Imp6bXNvIn0%3D\">\n\t\t\t\t\t<div class=\"e-gallery-image elementor-gallery-item__image\" data-thumbnail=\"https:\/\/zweiteheimat.at\/wp-content\/uploads\/2025\/11\/villach-summer-unterkunft-768x1024.jpeg\" data-width=\"768\" data-height=\"1024\" aria-label=\"Summer Life in Villach - Unterkunft\" role=\"img\" ><\/div>\n\t\t\t\t\t\t\t\t\t\t\t<div class=\"elementor-gallery-item__overlay\"><\/div>\n\t\t\t\t\t\t\t\t\t\t\t\t\t\t<\/a>\n\t\t\t\t\t\t\t<a class=\"e-gallery-item elementor-gallery-item elementor-animated-content\" href=\"https:\/\/zweiteheimat.at\/wp-content\/uploads\/2025\/11\/gail-kaernten.jpeg\" data-elementor-open-lightbox=\"yes\" data-elementor-lightbox-slideshow=\"jzmso\" data-elementor-lightbox-title=\"Op de kristalheldere Gail - Karinthi\u00eb\" data-elementor-lightbox-description=\"Gail - Karinthi\u00eb\" data-e-action-hash=\"#elementor-action%3Aaction%3Dlightbox%26settings%3DeyJpZCI6MTcxNywidXJsIjoiaHR0cHM6XC9cL3p3ZWl0ZWhlaW1hdC5hdFwvd3AtY29udGVudFwvdXBsb2Fkc1wvMjAyNVwvMTFcL2dhaWwta2Flcm50ZW4uanBlZyIsInNsaWRlc2hvdyI6Imp6bXNvIn0%3D\">\n\t\t\t\t\t<div class=\"e-gallery-image elementor-gallery-item__image\" data-thumbnail=\"https:\/\/zweiteheimat.at\/wp-content\/uploads\/2025\/11\/gail-kaernten-768x576.jpeg\" data-width=\"768\" data-height=\"576\" aria-label=\"An der glasklaren Gail - K\u00e4rnten\" role=\"img\" ><\/div>\n\t\t\t\t\t\t\t\t\t\t\t<div class=\"elementor-gallery-item__overlay\"><\/div>\n\t\t\t\t\t\t\t\t\t\t\t\t\t\t<\/a>\n\t\t\t\t\t\t\t<a class=\"e-gallery-item elementor-gallery-item elementor-animated-content\" href=\"https:\/\/zweiteheimat.at\/wp-content\/uploads\/2025\/11\/neugarten-almseehuette-gerlitzen-alpe.jpeg\" data-elementor-open-lightbox=\"yes\" data-elementor-lightbox-slideshow=\"jzmso\" data-elementor-lightbox-title=\"Neugarten Almseeh\u00fctte - Gerlitzen Alpe\" data-elementor-lightbox-description=\"Neugarten Almseeh\u00fctte - Gerlitzen Alpe\" data-e-action-hash=\"#elementor-action%3Aaction%3Dlightbox%26settings%3DeyJpZCI6MTcxOCwidXJsIjoiaHR0cHM6XC9cL3p3ZWl0ZWhlaW1hdC5hdFwvd3AtY29udGVudFwvdXBsb2Fkc1wvMjAyNVwvMTFcL25ldWdhcnRlbi1hbG1zZWVodWV0dGUtZ2VybGl0emVuLWFscGUuanBlZyIsInNsaWRlc2hvdyI6Imp6bXNvIn0%3D\">\n\t\t\t\t\t<div class=\"e-gallery-image elementor-gallery-item__image\" data-thumbnail=\"https:\/\/zweiteheimat.at\/wp-content\/uploads\/2025\/11\/neugarten-almseehuette-gerlitzen-alpe-768x576.jpeg\" data-width=\"768\" data-height=\"576\" aria-label=\"Neugarten Almseeh\u00fctte - Gerlitzen Alpe\" role=\"img\" ><\/div>\n\t\t\t\t\t\t\t\t\t\t\t<div class=\"elementor-gallery-item__overlay\"><\/div>\n\t\t\t\t\t\t\t\t\t\t\t\t\t\t<\/a>\n\t\t\t\t\t\t\t<a class=\"e-gallery-item elementor-gallery-item elementor-animated-content\" href=\"https:\/\/zweiteheimat.at\/wp-content\/uploads\/2025\/11\/buschenschank-rogatsch.jpeg\" data-elementor-open-lightbox=\"yes\" data-elementor-lightbox-slideshow=\"jzmso\" data-elementor-lightbox-title=\"Uitzicht vanaf de Rogatsch wijnbar\" data-elementor-lightbox-description=\"Wijnbar Rogatsch\" data-e-action-hash=\"#elementor-action%3Aaction%3Dlightbox%26settings%3DeyJpZCI6MTcxOSwidXJsIjoiaHR0cHM6XC9cL3p3ZWl0ZWhlaW1hdC5hdFwvd3AtY29udGVudFwvdXBsb2Fkc1wvMjAyNVwvMTFcL2J1c2NoZW5zY2hhbmstcm9nYXRzY2guanBlZyIsInNsaWRlc2hvdyI6Imp6bXNvIn0%3D\">\n\t\t\t\t\t<div class=\"e-gallery-image elementor-gallery-item__image\" data-thumbnail=\"https:\/\/zweiteheimat.at\/wp-content\/uploads\/2025\/11\/buschenschank-rogatsch-768x1024.jpeg\" data-width=\"768\" data-height=\"1024\" aria-label=\"Blick vom Buschenschank Rogatsch\" role=\"img\" ><\/div>\n\t\t\t\t\t\t\t\t\t\t\t<div class=\"elementor-gallery-item__overlay\"><\/div>\n\t\t\t\t\t\t\t\t\t\t\t\t\t\t<\/a>\n\t\t\t\t\t\t\t<a class=\"e-gallery-item elementor-gallery-item elementor-animated-content\" href=\"https:\/\/zweiteheimat.at\/wp-content\/uploads\/2025\/11\/dobratsch-sonnenaufgang.jpeg\" data-elementor-open-lightbox=\"yes\" data-elementor-lightbox-slideshow=\"jzmso\" data-elementor-lightbox-title=\"Zonsopgang op de Dobratsch\" data-elementor-lightbox-description=\"Zonsopgang op de Dobratsch\" data-e-action-hash=\"#elementor-action%3Aaction%3Dlightbox%26settings%3DeyJpZCI6MTcyMCwidXJsIjoiaHR0cHM6XC9cL3p3ZWl0ZWhlaW1hdC5hdFwvd3AtY29udGVudFwvdXBsb2Fkc1wvMjAyNVwvMTFcL2RvYnJhdHNjaC1zb25uZW5hdWZnYW5nLmpwZWciLCJzbGlkZXNob3ciOiJqem1zbyJ9\">\n\t\t\t\t\t<div class=\"e-gallery-image elementor-gallery-item__image\" data-thumbnail=\"https:\/\/zweiteheimat.at\/wp-content\/uploads\/2025\/11\/dobratsch-sonnenaufgang-768x1024.jpeg\" data-width=\"768\" data-height=\"1024\" aria-label=\"Sonnenaufgang am Dobratsch\" role=\"img\" ><\/div>\n\t\t\t\t\t\t\t\t\t\t\t<div class=\"elementor-gallery-item__overlay\"><\/div>\n\t\t\t\t\t\t\t\t\t\t\t\t\t\t<\/a>\n\t\t\t\t\t\t\t<a class=\"e-gallery-item elementor-gallery-item elementor-animated-content\" href=\"https:\/\/zweiteheimat.at\/wp-content\/uploads\/2025\/11\/garnitzen-klamm.jpeg\" data-elementor-open-lightbox=\"yes\" data-elementor-lightbox-slideshow=\"jzmso\" data-elementor-lightbox-title=\"Excursietips - Garnitzen Klamm\" data-e-action-hash=\"#elementor-action%3Aaction%3Dlightbox%26settings%3DeyJpZCI6MTcyMSwidXJsIjoiaHR0cHM6XC9cL3p3ZWl0ZWhlaW1hdC5hdFwvd3AtY29udGVudFwvdXBsb2Fkc1wvMjAyNVwvMTFcL2dhcm5pdHplbi1rbGFtbS5qcGVnIiwic2xpZGVzaG93Ijoianptc28ifQ%3D%3D\">\n\t\t\t\t\t<div class=\"e-gallery-image elementor-gallery-item__image\" data-thumbnail=\"https:\/\/zweiteheimat.at\/wp-content\/uploads\/2025\/11\/garnitzen-klamm-768x1024.jpeg\" data-width=\"768\" data-height=\"1024\" aria-label=\"Ausflugstipps - Garnitzen Klamm\" role=\"img\" ><\/div>\n\t\t\t\t\t\t\t\t\t\t\t<div class=\"elementor-gallery-item__overlay\"><\/div>\n\t\t\t\t\t\t\t\t\t\t\t\t\t\t<\/a>\n\t\t\t\t\t\t\t<a class=\"e-gallery-item elementor-gallery-item elementor-animated-content\" href=\"https:\/\/zweiteheimat.at\/wp-content\/uploads\/2025\/11\/pyramidenkogel-blick-auf-den-woerthersee.webp\" data-elementor-open-lightbox=\"yes\" data-elementor-lightbox-slideshow=\"jzmso\" data-elementor-lightbox-title=\"Pyramidenkogel - uitzicht op de W\u00f6rthersee\" data-e-action-hash=\"#elementor-action%3Aaction%3Dlightbox%26settings%3DeyJpZCI6MTcyMiwidXJsIjoiaHR0cHM6XC9cL3p3ZWl0ZWhlaW1hdC5hdFwvd3AtY29udGVudFwvdXBsb2Fkc1wvMjAyNVwvMTFcL3B5cmFtaWRlbmtvZ2VsLWJsaWNrLWF1Zi1kZW4td29lcnRoZXJzZWUud2VicCIsInNsaWRlc2hvdyI6Imp6bXNvIn0%3D\">\n\t\t\t\t\t<div class=\"e-gallery-image elementor-gallery-item__image\" data-thumbnail=\"https:\/\/zweiteheimat.at\/wp-content\/uploads\/2025\/11\/pyramidenkogel-blick-auf-den-woerthersee-768x576.webp\" data-width=\"768\" data-height=\"576\" aria-label=\"Pyramidenkogel - Blick auf den W\u00f6rthersee\" role=\"img\" ><\/div>\n\t\t\t\t\t\t\t\t\t\t\t<div class=\"elementor-gallery-item__overlay\"><\/div>\n\t\t\t\t\t\t\t\t\t\t\t\t\t\t<\/a>\n\t\t\t\t\t<\/div>\n\t\t\t\t\t<\/div>\n\t\t\t\t<\/div>\n\t\t<div class=\"elementor-element elementor-element-jztipso e-con-full e-flex e-con e-child\" data-id=\"jztipso\" data-element_type=\"container\" data-e-type=\"container\" data-settings=\"{&quot;background_background&quot;:&quot;classic&quot;}\">\n\t\t\t\t<div class=\"elementor-element elementor-element-jztipsok elementor-widget elementor-widget-heading\" data-id=\"jztipsok\" data-element_type=\"widget\" data-e-type=\"widget\" data-widget_type=\"heading.default\">\n\t\t\t\t<div class=\"elementor-widget-container\">\n\t\t\t\t\t<div class=\"elementor-heading-title elementor-size-default\">Karinthi\u00eb, het land van de zon<\/div>\t\t\t\t<\/div>\n\t\t\t\t<\/div>\n\t\t\t\t<div class=\"elementor-element elementor-element-jztipsot zh-mw900 elementor-widget elementor-widget-heading\" data-id=\"jztipsot\" data-element_type=\"widget\" data-e-type=\"widget\" data-widget_type=\"heading.default\">\n\t\t\t\t<div class=\"elementor-widget-container\">\n\t\t\t\t\t<div class=\"elementor-heading-title elementor-size-default\">\u201eDe zon laat zich hier vaker zien dan waar dan ook in Oostenrijk \u2013 inclusief zwoele avonden op het terras.\u201c<\/div>\t\t\t\t<\/div>\n\t\t\t\t<\/div>\n\t\t\t\t<\/div>\n\t\t\t\t\t<\/div>\n\t\t\t\t<\/div>\n\t\t<div id=\"e-n-tab-content-1713\" role=\"tabpanel\" aria-labelledby=\"e-n-tab-title-1713\" data-tab-index=\"3\" style=\"--n-tabs-title-order: 3;\" class=\"elementor-element elementor-element-jzphe e-flex e-con-boxed e-con e-child\" data-id=\"jzphe\" data-element_type=\"container\" data-e-type=\"container\">\n\t\t\t\t\t<div class=\"e-con-inner\">\n\t\t<div class=\"elementor-element elementor-element-jzedhe e-grid e-con-boxed e-con e-child\" data-id=\"jzedhe\" data-element_type=\"container\" data-e-type=\"container\">\n\t\t\t\t\t<div class=\"e-con-inner\">\n\t\t<div class=\"elementor-element elementor-element-jzedhel e-flex e-con-boxed e-con e-child\" data-id=\"jzedhel\" data-element_type=\"container\" data-e-type=\"container\">\n\t\t\t\t\t<div class=\"e-con-inner\">\n\t\t\t\t<div class=\"elementor-element elementor-element-jzhek elementor-widget elementor-widget-heading\" data-id=\"jzhek\" data-element_type=\"widget\" data-e-type=\"widget\" data-widget_type=\"heading.default\">\n\t\t\t\t<div class=\"elementor-widget-container\">\n\t\t\t\t\t<div class=\"elementor-heading-title elementor-size-default\">Herfst<\/div>\t\t\t\t<\/div>\n\t\t\t\t<\/div>\n\t\t\t\t<div class=\"elementor-element elementor-element-jzhet elementor-widget elementor-widget-heading\" data-id=\"jzhet\" data-element_type=\"widget\" data-e-type=\"widget\" data-widget_type=\"heading.default\">\n\t\t\t\t<div class=\"elementor-widget-container\">\n\t\t\t\t\t<h2 class=\"elementor-heading-title elementor-size-default\">Gouden tijden tussen berg en meer<\/h2>\t\t\t\t<\/div>\n\t\t\t\t<\/div>\n\t\t<div class=\"elementor-element elementor-element-jzhechips e-flex e-con-boxed e-con e-child\" data-id=\"jzhechips\" data-element_type=\"container\" data-e-type=\"container\">\n\t\t\t\t\t<div class=\"e-con-inner\">\n\t\t\t\t<div class=\"elementor-element elementor-element-jzhec1t zh-chip elementor-widget elementor-widget-heading\" data-id=\"jzhec1t\" data-element_type=\"widget\" data-e-type=\"widget\" data-widget_type=\"heading.default\">\n\t\t\t\t<div class=\"elementor-widget-container\">\n\t\t\t\t\t<div class=\"elementor-heading-title elementor-size-default\">Gouden bossen<\/div>\t\t\t\t<\/div>\n\t\t\t\t<\/div>\n\t\t\t\t<div class=\"elementor-element elementor-element-jzhec2t zh-chip elementor-widget elementor-widget-heading\" data-id=\"jzhec2t\" data-element_type=\"widget\" data-e-type=\"widget\" data-widget_type=\"heading.default\">\n\t\t\t\t<div class=\"elementor-widget-container\">\n\t\t\t\t\t<div class=\"elementor-heading-title elementor-size-default\">Wijnfeesten<\/div>\t\t\t\t<\/div>\n\t\t\t\t<\/div>\n\t\t\t\t<div class=\"elementor-element elementor-element-jzhec3t zh-chip elementor-widget elementor-widget-heading\" data-id=\"jzhec3t\" data-element_type=\"widget\" data-e-type=\"widget\" data-widget_type=\"heading.default\">\n\t\t\t\t<div class=\"elementor-widget-container\">\n\t\t\t\t\t<div class=\"elementor-heading-title elementor-size-default\">Genotstijd<\/div>\t\t\t\t<\/div>\n\t\t\t\t<\/div>\n\t\t\t\t<div class=\"elementor-element elementor-element-jzhec4t zh-chip elementor-widget elementor-widget-heading\" data-id=\"jzhec4t\" data-element_type=\"widget\" data-e-type=\"widget\" data-widget_type=\"heading.default\">\n\t\t\t\t<div class=\"elementor-widget-container\">\n\t\t\t\t\t<div class=\"elementor-heading-title elementor-size-default\">Bergbanen tot november<\/div>\t\t\t\t<\/div>\n\t\t\t\t<\/div>\n\t\t\t\t\t<\/div>\n\t\t\t\t<\/div>\n\t\t\t\t\t<\/div>\n\t\t\t\t<\/div>\n\t\t\t\t<div class=\"elementor-element elementor-element-jzedher elementor-widget elementor-widget-text-editor\" data-id=\"jzedher\" data-element_type=\"widget\" data-e-type=\"widget\" data-widget_type=\"text-editor.default\">\n\t\t\t\t<div class=\"elementor-widget-container\">\n\t\t\t\t\t\t\t\t\t<p>Wanneer de bossen een stralend rood en goudkleurig kleurtje krijgen, laat Karinthi\u00eb zich van zijn meest romantische kant zien. De heldere lucht, het zachte licht en de rustige sfeer maken de herfst tot de ideale tijd voor levensgenieters en mensen die op zoek zijn naar ontspanning \u2013 of het nu gaat om een wandeling door gouden bossen, een wijnfeest of het proeven van Karinthische lekkernijen.<\/p><p>Tot eind september kun je nog prima zwemmen in de Ossiacher See; de meeste bergbanen rijden tot begin november. Sinds we in Karinthi\u00eb wonen, is de rustige herfst ons favoriete seizoen geworden.<\/p>\t\t\t\t\t\t\t\t<\/div>\n\t\t\t\t<\/div>\n\t\t\t\t\t<\/div>\n\t\t\t\t<\/div>\n\t\t\t\t<div class=\"elementor-element elementor-element-jzmhe elementor-widget elementor-widget-gallery\" data-id=\"jzmhe\" data-element_type=\"widget\" data-e-type=\"widget\" data-settings=\"{&quot;gallery_layout&quot;:&quot;masonry&quot;,&quot;columns&quot;:3,&quot;gap&quot;:{&quot;unit&quot;:&quot;px&quot;,&quot;size&quot;:12,&quot;sizes&quot;:[]},&quot;gap_tablet&quot;:{&quot;unit&quot;:&quot;px&quot;,&quot;size&quot;:12,&quot;sizes&quot;:[]},&quot;overlay_background&quot;:&quot;no&quot;,&quot;lazyload&quot;:&quot;yes&quot;,&quot;columns_tablet&quot;:2,&quot;columns_mobile&quot;:1,&quot;gap_mobile&quot;:{&quot;unit&quot;:&quot;px&quot;,&quot;size&quot;:10,&quot;sizes&quot;:[]},&quot;link_to&quot;:&quot;file&quot;,&quot;content_hover_animation&quot;:&quot;fade-in&quot;}\" data-widget_type=\"gallery.default\">\n\t\t\t\t<div class=\"elementor-widget-container\">\n\t\t\t\t\t\t\t<div class=\"elementor-gallery__container\">\n\t\t\t\t\t\t\t<a class=\"e-gallery-item elementor-gallery-item elementor-animated-content\" href=\"https:\/\/zweiteheimat.at\/wp-content\/uploads\/2025\/11\/herbst-am-ossiacher-see.jpeg\" data-elementor-open-lightbox=\"yes\" data-elementor-lightbox-slideshow=\"jzmhe\" data-elementor-lightbox-title=\"Herfstlicht op de Ossiacher See\" data-e-action-hash=\"#elementor-action%3Aaction%3Dlightbox%26settings%3DeyJpZCI6MTczMCwidXJsIjoiaHR0cHM6XC9cL3p3ZWl0ZWhlaW1hdC5hdFwvd3AtY29udGVudFwvdXBsb2Fkc1wvMjAyNVwvMTFcL2hlcmJzdC1hbS1vc3NpYWNoZXItc2VlLmpwZWciLCJzbGlkZXNob3ciOiJqem1oZSJ9\">\n\t\t\t\t\t<div class=\"e-gallery-image elementor-gallery-item__image\" data-thumbnail=\"https:\/\/zweiteheimat.at\/wp-content\/uploads\/2025\/11\/herbst-am-ossiacher-see-768x576.jpeg\" data-width=\"768\" data-height=\"576\" aria-label=\"Herbstlicht am Ossiacher See\" role=\"img\" ><\/div>\n\t\t\t\t\t\t\t\t\t\t\t<div class=\"elementor-gallery-item__overlay\"><\/div>\n\t\t\t\t\t\t\t\t\t\t\t\t\t\t<\/a>\n\t\t\t\t\t\t\t<a class=\"e-gallery-item elementor-gallery-item elementor-animated-content\" href=\"https:\/\/zweiteheimat.at\/wp-content\/uploads\/2025\/11\/ossiacher-see.jpg\" data-elementor-open-lightbox=\"yes\" data-elementor-lightbox-slideshow=\"jzmhe\" data-elementor-lightbox-title=\"Uitzicht op de Ossiacher See\" data-e-action-hash=\"#elementor-action%3Aaction%3Dlightbox%26settings%3DeyJpZCI6MTczMSwidXJsIjoiaHR0cHM6XC9cL3p3ZWl0ZWhlaW1hdC5hdFwvd3AtY29udGVudFwvdXBsb2Fkc1wvMjAyNVwvMTFcL29zc2lhY2hlci1zZWUuanBnIiwic2xpZGVzaG93IjoianptaGUifQ%3D%3D\">\n\t\t\t\t\t<div class=\"e-gallery-image elementor-gallery-item__image\" data-thumbnail=\"https:\/\/zweiteheimat.at\/wp-content\/uploads\/2025\/11\/ossiacher-see-768x960.jpg\" data-width=\"768\" data-height=\"960\" aria-label=\"Blick auf den Ossiacher See\" role=\"img\" ><\/div>\n\t\t\t\t\t\t\t\t\t\t\t<div class=\"elementor-gallery-item__overlay\"><\/div>\n\t\t\t\t\t\t\t\t\t\t\t\t\t\t<\/a>\n\t\t\t\t\t\t\t<a class=\"e-gallery-item elementor-gallery-item elementor-animated-content\" href=\"https:\/\/zweiteheimat.at\/wp-content\/uploads\/2025\/11\/schiffsanleger-steindorf-ossiacher-see.webp\" data-elementor-open-lightbox=\"yes\" data-elementor-lightbox-slideshow=\"jzmhe\" data-elementor-lightbox-title=\"Aankomst bij aanlegsteiger Steindorf - Ossiacher See\" data-e-action-hash=\"#elementor-action%3Aaction%3Dlightbox%26settings%3DeyJpZCI6MTczMiwidXJsIjoiaHR0cHM6XC9cL3p3ZWl0ZWhlaW1hdC5hdFwvd3AtY29udGVudFwvdXBsb2Fkc1wvMjAyNVwvMTFcL3NjaGlmZnNhbmxlZ2VyLXN0ZWluZG9yZi1vc3NpYWNoZXItc2VlLndlYnAiLCJzbGlkZXNob3ciOiJqem1oZSJ9\">\n\t\t\t\t\t<div class=\"e-gallery-image elementor-gallery-item__image\" data-thumbnail=\"https:\/\/zweiteheimat.at\/wp-content\/uploads\/2025\/11\/schiffsanleger-steindorf-ossiacher-see-768x576.webp\" data-width=\"768\" data-height=\"576\" aria-label=\"Anreise Schiffsanleger Steindorf - Ossiacher See\" role=\"img\" ><\/div>\n\t\t\t\t\t\t\t\t\t\t\t<div class=\"elementor-gallery-item__overlay\"><\/div>\n\t\t\t\t\t\t\t\t\t\t\t\t\t\t<\/a>\n\t\t\t\t\t\t\t<a class=\"e-gallery-item elementor-gallery-item elementor-animated-content\" href=\"https:\/\/zweiteheimat.at\/wp-content\/uploads\/2025\/11\/kapitaenshaeuschen-steindorf.jpeg\" data-elementor-open-lightbox=\"yes\" data-elementor-lightbox-slideshow=\"jzmhe\" data-elementor-lightbox-title=\"Kapiteinshuis Steindorf - Ossiacher See\" data-e-action-hash=\"#elementor-action%3Aaction%3Dlightbox%26settings%3DeyJpZCI6MTczMywidXJsIjoiaHR0cHM6XC9cL3p3ZWl0ZWhlaW1hdC5hdFwvd3AtY29udGVudFwvdXBsb2Fkc1wvMjAyNVwvMTFcL2thcGl0YWVuc2hhZXVzY2hlbi1zdGVpbmRvcmYuanBlZyIsInNsaWRlc2hvdyI6Imp6bWhlIn0%3D\">\n\t\t\t\t\t<div class=\"e-gallery-image elementor-gallery-item__image\" data-thumbnail=\"https:\/\/zweiteheimat.at\/wp-content\/uploads\/2025\/11\/kapitaenshaeuschen-steindorf-768x576.jpeg\" data-width=\"768\" data-height=\"576\" aria-label=\"Kapit\u00e4nsh\u00e4uschen Steindorf - Ossiacher See\" role=\"img\" ><\/div>\n\t\t\t\t\t\t\t\t\t\t\t<div class=\"elementor-gallery-item__overlay\"><\/div>\n\t\t\t\t\t\t\t\t\t\t\t\t\t\t<\/a>\n\t\t\t\t\t\t\t<a class=\"e-gallery-item elementor-gallery-item elementor-animated-content\" href=\"https:\/\/zweiteheimat.at\/wp-content\/uploads\/2025\/11\/kaernten-herbst.jpeg\" data-elementor-open-lightbox=\"yes\" data-elementor-lightbox-slideshow=\"jzmhe\" data-elementor-lightbox-title=\"Herfst met de hond in Karinthi\u00eb\" data-e-action-hash=\"#elementor-action%3Aaction%3Dlightbox%26settings%3DeyJpZCI6MTczNCwidXJsIjoiaHR0cHM6XC9cL3p3ZWl0ZWhlaW1hdC5hdFwvd3AtY29udGVudFwvdXBsb2Fkc1wvMjAyNVwvMTFcL2thZXJudGVuLWhlcmJzdC5qcGVnIiwic2xpZGVzaG93IjoianptaGUifQ%3D%3D\">\n\t\t\t\t\t<div class=\"e-gallery-image elementor-gallery-item__image\" data-thumbnail=\"https:\/\/zweiteheimat.at\/wp-content\/uploads\/2025\/11\/kaernten-herbst-768x1024.jpeg\" data-width=\"768\" data-height=\"1024\" aria-label=\"Herbst mit Hund in K\u00e4rnten\" role=\"img\" ><\/div>\n\t\t\t\t\t\t\t\t\t\t\t<div class=\"elementor-gallery-item__overlay\"><\/div>\n\t\t\t\t\t\t\t\t\t\t\t\t\t\t<\/a>\n\t\t\t\t\t\t\t<a class=\"e-gallery-item elementor-gallery-item elementor-animated-content\" href=\"https:\/\/zweiteheimat.at\/wp-content\/uploads\/2025\/11\/ossiacher-see-herbst.jpeg\" data-elementor-open-lightbox=\"yes\" data-elementor-lightbox-slideshow=\"jzmhe\" data-elementor-lightbox-title=\"Steindorf in herfstlicht\" data-e-action-hash=\"#elementor-action%3Aaction%3Dlightbox%26settings%3DeyJpZCI6MTczNSwidXJsIjoiaHR0cHM6XC9cL3p3ZWl0ZWhlaW1hdC5hdFwvd3AtY29udGVudFwvdXBsb2Fkc1wvMjAyNVwvMTFcL29zc2lhY2hlci1zZWUtaGVyYnN0LmpwZWciLCJzbGlkZXNob3ciOiJqem1oZSJ9\">\n\t\t\t\t\t<div class=\"e-gallery-image elementor-gallery-item__image\" data-thumbnail=\"https:\/\/zweiteheimat.at\/wp-content\/uploads\/2025\/11\/ossiacher-see-herbst-768x577.jpeg\" data-width=\"768\" data-height=\"577\" aria-label=\"Steindorf im Herbstleuchten\" role=\"img\" ><\/div>\n\t\t\t\t\t\t\t\t\t\t\t<div class=\"elementor-gallery-item__overlay\"><\/div>\n\t\t\t\t\t\t\t\t\t\t\t\t\t\t<\/a>\n\t\t\t\t\t\t\t<a class=\"e-gallery-item elementor-gallery-item elementor-animated-content\" href=\"https:\/\/zweiteheimat.at\/wp-content\/uploads\/2025\/11\/ossiach.jpeg\" data-elementor-open-lightbox=\"yes\" data-elementor-lightbox-slideshow=\"jzmhe\" data-elementor-lightbox-title=\"Ossiach\" data-e-action-hash=\"#elementor-action%3Aaction%3Dlightbox%26settings%3DeyJpZCI6MTczNiwidXJsIjoiaHR0cHM6XC9cL3p3ZWl0ZWhlaW1hdC5hdFwvd3AtY29udGVudFwvdXBsb2Fkc1wvMjAyNVwvMTFcL29zc2lhY2guanBlZyIsInNsaWRlc2hvdyI6Imp6bWhlIn0%3D\">\n\t\t\t\t\t<div class=\"e-gallery-image elementor-gallery-item__image\" data-thumbnail=\"https:\/\/zweiteheimat.at\/wp-content\/uploads\/2025\/11\/ossiach-768x576.jpeg\" data-width=\"768\" data-height=\"576\" aria-label=\"Ossiach\" role=\"img\" ><\/div>\n\t\t\t\t\t\t\t\t\t\t\t<div class=\"elementor-gallery-item__overlay\"><\/div>\n\t\t\t\t\t\t\t\t\t\t\t\t\t\t<\/a>\n\t\t\t\t\t\t\t<a class=\"e-gallery-item elementor-gallery-item elementor-animated-content\" href=\"https:\/\/zweiteheimat.at\/wp-content\/uploads\/2025\/11\/wasserharfe-ossiach.jpeg\" data-elementor-open-lightbox=\"yes\" data-elementor-lightbox-slideshow=\"jzmhe\" data-elementor-lightbox-title=\"Waterharp Ossiach\" data-elementor-lightbox-description=\"Waterharp Ossiach\" data-e-action-hash=\"#elementor-action%3Aaction%3Dlightbox%26settings%3DeyJpZCI6MTcwNywidXJsIjoiaHR0cHM6XC9cL3p3ZWl0ZWhlaW1hdC5hdFwvd3AtY29udGVudFwvdXBsb2Fkc1wvMjAyNVwvMTFcL3dhc3NlcmhhcmZlLW9zc2lhY2guanBlZyIsInNsaWRlc2hvdyI6Imp6bWhlIn0%3D\">\n\t\t\t\t\t<div class=\"e-gallery-image elementor-gallery-item__image\" data-thumbnail=\"https:\/\/zweiteheimat.at\/wp-content\/uploads\/2025\/11\/wasserharfe-ossiach-768x576.jpeg\" data-width=\"768\" data-height=\"576\" aria-label=\"Wasserharfe Ossiach\" role=\"img\" ><\/div>\n\t\t\t\t\t\t\t\t\t\t\t<div class=\"elementor-gallery-item__overlay\"><\/div>\n\t\t\t\t\t\t\t\t\t\t\t\t\t\t<\/a>\n\t\t\t\t\t\t\t<a class=\"e-gallery-item elementor-gallery-item elementor-animated-content\" href=\"https:\/\/zweiteheimat.at\/wp-content\/uploads\/2025\/11\/ossiacher-see-schiffsanleger-steindorf-scaled.jpeg\" data-elementor-open-lightbox=\"yes\" data-elementor-lightbox-slideshow=\"jzmhe\" data-elementor-lightbox-title=\"Steiger van Steindorf in de herfst\" data-elementor-lightbox-description=\"Steiger van Steindorf in de herfst\" data-e-action-hash=\"#elementor-action%3Aaction%3Dlightbox%26settings%3DeyJpZCI6MTc5NCwidXJsIjoiaHR0cHM6XC9cL3p3ZWl0ZWhlaW1hdC5hdFwvd3AtY29udGVudFwvdXBsb2Fkc1wvMjAyNVwvMTFcL29zc2lhY2hlci1zZWUtc2NoaWZmc2FubGVnZXItc3RlaW5kb3JmLXNjYWxlZC5qcGVnIiwic2xpZGVzaG93IjoianptaGUifQ%3D%3D\">\n\t\t\t\t\t<div class=\"e-gallery-image elementor-gallery-item__image\" data-thumbnail=\"https:\/\/zweiteheimat.at\/wp-content\/uploads\/2025\/11\/ossiacher-see-schiffsanleger-steindorf-768x576.jpeg\" data-width=\"768\" data-height=\"576\" aria-label=\"Schiffsanleger Steindorf im Herbst\" role=\"img\" ><\/div>\n\t\t\t\t\t\t\t\t\t\t\t<div class=\"elementor-gallery-item__overlay\"><\/div>\n\t\t\t\t\t\t\t\t\t\t\t\t\t\t<\/a>\n\t\t\t\t\t\t\t<a class=\"e-gallery-item elementor-gallery-item elementor-animated-content\" href=\"https:\/\/zweiteheimat.at\/wp-content\/uploads\/2025\/11\/bleistaetter-moor-im-herbst-scaled.jpg\" data-elementor-open-lightbox=\"yes\" data-elementor-lightbox-slideshow=\"jzmhe\" data-elementor-lightbox-title=\"Herfstkleuren op het Bleist\u00e4tter Moor\" data-elementor-lightbox-description=\"Herfstkleuren op het Bleist\u00e4tter Moor\" data-e-action-hash=\"#elementor-action%3Aaction%3Dlightbox%26settings%3DeyJpZCI6MTc5NSwidXJsIjoiaHR0cHM6XC9cL3p3ZWl0ZWhlaW1hdC5hdFwvd3AtY29udGVudFwvdXBsb2Fkc1wvMjAyNVwvMTFcL2JsZWlzdGFldHRlci1tb29yLWltLWhlcmJzdC1zY2FsZWQuanBnIiwic2xpZGVzaG93IjoianptaGUifQ%3D%3D\">\n\t\t\t\t\t<div class=\"e-gallery-image elementor-gallery-item__image\" data-thumbnail=\"https:\/\/zweiteheimat.at\/wp-content\/uploads\/2025\/11\/bleistaetter-moor-im-herbst-768x909.jpg\" data-width=\"768\" data-height=\"909\" aria-label=\"Herbstfarben am Bleist\u00e4tter Moor\" role=\"img\" ><\/div>\n\t\t\t\t\t\t\t\t\t\t\t<div class=\"elementor-gallery-item__overlay\"><\/div>\n\t\t\t\t\t\t\t\t\t\t\t\t\t\t<\/a>\n\t\t\t\t\t\t\t<a class=\"e-gallery-item elementor-gallery-item elementor-animated-content\" href=\"https:\/\/zweiteheimat.at\/wp-content\/uploads\/2025\/11\/ossiacher-see-im-herbst.jpeg\" data-elementor-open-lightbox=\"yes\" data-elementor-lightbox-slideshow=\"jzmhe\" data-elementor-lightbox-title=\"Herfstverlichting op de Ossiacher See\" data-elementor-lightbox-description=\"Herfst aan de Ossiacher See\" data-e-action-hash=\"#elementor-action%3Aaction%3Dlightbox%26settings%3DeyJpZCI6MTc5NiwidXJsIjoiaHR0cHM6XC9cL3p3ZWl0ZWhlaW1hdC5hdFwvd3AtY29udGVudFwvdXBsb2Fkc1wvMjAyNVwvMTFcL29zc2lhY2hlci1zZWUtaW0taGVyYnN0LmpwZWciLCJzbGlkZXNob3ciOiJqem1oZSJ9\">\n\t\t\t\t\t<div class=\"e-gallery-image elementor-gallery-item__image\" data-thumbnail=\"https:\/\/zweiteheimat.at\/wp-content\/uploads\/2025\/11\/ossiacher-see-im-herbst-768x576.jpeg\" data-width=\"768\" data-height=\"576\" aria-label=\"Herbstleuchten am Ossiacher See\" role=\"img\" ><\/div>\n\t\t\t\t\t\t\t\t\t\t\t<div class=\"elementor-gallery-item__overlay\"><\/div>\n\t\t\t\t\t\t\t\t\t\t\t\t\t\t<\/a>\n\t\t\t\t\t\t\t<a class=\"e-gallery-item elementor-gallery-item elementor-animated-content\" href=\"https:\/\/zweiteheimat.at\/wp-content\/uploads\/2025\/11\/ossiacher-see-kurpark-steindorf.jpeg\" data-elementor-open-lightbox=\"yes\" data-elementor-lightbox-slideshow=\"jzmhe\" data-elementor-lightbox-title=\"Steindorf kuurpark in de herfst\" data-elementor-lightbox-description=\"Steindorf kuurpark in de herfst\" data-e-action-hash=\"#elementor-action%3Aaction%3Dlightbox%26settings%3DeyJpZCI6MTc5NywidXJsIjoiaHR0cHM6XC9cL3p3ZWl0ZWhlaW1hdC5hdFwvd3AtY29udGVudFwvdXBsb2Fkc1wvMjAyNVwvMTFcL29zc2lhY2hlci1zZWUta3VycGFyay1zdGVpbmRvcmYuanBlZyIsInNsaWRlc2hvdyI6Imp6bWhlIn0%3D\">\n\t\t\t\t\t<div class=\"e-gallery-image elementor-gallery-item__image\" data-thumbnail=\"https:\/\/zweiteheimat.at\/wp-content\/uploads\/2025\/11\/ossiacher-see-kurpark-steindorf-768x1024.jpeg\" data-width=\"768\" data-height=\"1024\" aria-label=\"Kurpark Steindorf im Herbst\" role=\"img\" ><\/div>\n\t\t\t\t\t\t\t\t\t\t\t<div class=\"elementor-gallery-item__overlay\"><\/div>\n\t\t\t\t\t\t\t\t\t\t\t\t\t\t<\/a>\n\t\t\t\t\t\t\t<a class=\"e-gallery-item elementor-gallery-item elementor-animated-content\" href=\"https:\/\/zweiteheimat.at\/wp-content\/uploads\/2025\/11\/ossiacher-see-schiffsanleger.jpeg\" data-elementor-open-lightbox=\"yes\" data-elementor-lightbox-slideshow=\"jzmhe\" data-elementor-lightbox-title=\"Aanlegsteiger Ossiach\" data-elementor-lightbox-description=\"Aanlegsteiger Ossiach\" data-e-action-hash=\"#elementor-action%3Aaction%3Dlightbox%26settings%3DeyJpZCI6MTc5OCwidXJsIjoiaHR0cHM6XC9cL3p3ZWl0ZWhlaW1hdC5hdFwvd3AtY29udGVudFwvdXBsb2Fkc1wvMjAyNVwvMTFcL29zc2lhY2hlci1zZWUtc2NoaWZmc2FubGVnZXIuanBlZyIsInNsaWRlc2hvdyI6Imp6bWhlIn0%3D\">\n\t\t\t\t\t<div class=\"e-gallery-image elementor-gallery-item__image\" data-thumbnail=\"https:\/\/zweiteheimat.at\/wp-content\/uploads\/2025\/11\/ossiacher-see-schiffsanleger-768x576.jpeg\" data-width=\"768\" data-height=\"576\" aria-label=\"Schiffsanleger Ossiach\" role=\"img\" ><\/div>\n\t\t\t\t\t\t\t\t\t\t\t<div class=\"elementor-gallery-item__overlay\"><\/div>\n\t\t\t\t\t\t\t\t\t\t\t\t\t\t<\/a>\n\t\t\t\t\t<\/div>\n\t\t\t\t\t<\/div>\n\t\t\t\t<\/div>\n\t\t<div class=\"elementor-element elementor-element-jztiphe e-con-full e-flex e-con e-child\" data-id=\"jztiphe\" data-element_type=\"container\" data-e-type=\"container\" data-settings=\"{&quot;background_background&quot;:&quot;classic&quot;}\">\n\t\t\t\t<div class=\"elementor-element elementor-element-jztiphek elementor-widget elementor-widget-heading\" data-id=\"jztiphek\" data-element_type=\"widget\" data-e-type=\"widget\" data-widget_type=\"heading.default\">\n\t\t\t\t<div class=\"elementor-widget-container\">\n\t\t\t\t\t<div class=\"elementor-heading-title elementor-size-default\">Vuurwerk<\/div>\t\t\t\t<\/div>\n\t\t\t\t<\/div>\n\t\t\t\t<div class=\"elementor-element elementor-element-jztiphet zh-mw900 elementor-widget elementor-widget-heading\" data-id=\"jztiphet\" data-element_type=\"widget\" data-e-type=\"widget\" data-widget_type=\"heading.default\">\n\t\t\t\t<div class=\"elementor-widget-container\">\n\t\t\t\t\t<div class=\"elementor-heading-title elementor-size-default\">\u201eEen herfst in Karinthi\u00eb is meer dan alleen een seizoen \u2013 het is een zintuiglijk kleurenfeest voor hart en ziel.\u201c<\/div>\t\t\t\t<\/div>\n\t\t\t\t<\/div>\n\t\t\t\t<\/div>\n\t\t\t\t\t<\/div>\n\t\t\t\t<\/div>\n\t\t<div id=\"e-n-tab-content-1714\" role=\"tabpanel\" aria-labelledby=\"e-n-tab-title-1714\" data-tab-index=\"4\" style=\"--n-tabs-title-order: 4;\" class=\"elementor-element elementor-element-jzpwi e-flex e-con-boxed e-con e-child\" data-id=\"jzpwi\" data-element_type=\"container\" data-e-type=\"container\">\n\t\t\t\t\t<div class=\"e-con-inner\">\n\t\t<div class=\"elementor-element elementor-element-jzedwi e-grid e-con-boxed e-con e-child\" data-id=\"jzedwi\" data-element_type=\"container\" data-e-type=\"container\">\n\t\t\t\t\t<div class=\"e-con-inner\">\n\t\t<div class=\"elementor-element elementor-element-jzedwil e-flex e-con-boxed e-con e-child\" data-id=\"jzedwil\" data-element_type=\"container\" data-e-type=\"container\">\n\t\t\t\t\t<div class=\"e-con-inner\">\n\t\t\t\t<div class=\"elementor-element elementor-element-jzwik elementor-widget elementor-widget-heading\" data-id=\"jzwik\" data-element_type=\"widget\" data-e-type=\"widget\" data-widget_type=\"heading.default\">\n\t\t\t\t<div class=\"elementor-widget-container\">\n\t\t\t\t\t<div class=\"elementor-heading-title elementor-size-default\">Winter<\/div>\t\t\t\t<\/div>\n\t\t\t\t<\/div>\n\t\t\t\t<div class=\"elementor-element elementor-element-jzwit elementor-widget elementor-widget-heading\" data-id=\"jzwit\" data-element_type=\"widget\" data-e-type=\"widget\" data-widget_type=\"heading.default\">\n\t\t\t\t<div class=\"elementor-widget-container\">\n\t\t\t\t\t<h2 class=\"elementor-heading-title elementor-size-default\">Een winters sprookje op de Gerlitzen<\/h2>\t\t\t\t<\/div>\n\t\t\t\t<\/div>\n\t\t<div class=\"elementor-element elementor-element-jzwichips e-flex e-con-boxed e-con e-child\" data-id=\"jzwichips\" data-element_type=\"container\" data-e-type=\"container\">\n\t\t\t\t\t<div class=\"e-con-inner\">\n\t\t\t\t<div class=\"elementor-element elementor-element-jzwic1t zh-chip elementor-widget elementor-widget-heading\" data-id=\"jzwic1t\" data-element_type=\"widget\" data-e-type=\"widget\" data-widget_type=\"heading.default\">\n\t\t\t\t<div class=\"elementor-widget-container\">\n\t\t\t\t\t<div class=\"elementor-heading-title elementor-size-default\">60 km aan pistes<\/div>\t\t\t\t<\/div>\n\t\t\t\t<\/div>\n\t\t\t\t<div class=\"elementor-element elementor-element-jzwic2t zh-chip elementor-widget elementor-widget-heading\" data-id=\"jzwic2t\" data-element_type=\"widget\" data-e-type=\"widget\" data-widget_type=\"heading.default\">\n\t\t\t\t<div class=\"elementor-widget-container\">\n\t\t\t\t\t<div class=\"elementor-heading-title elementor-size-default\">Langlaufen &amp; schaatsen<\/div>\t\t\t\t<\/div>\n\t\t\t\t<\/div>\n\t\t\t\t<div class=\"elementor-element elementor-element-jzwic3t zh-chip elementor-widget elementor-widget-heading\" data-id=\"jzwic3t\" data-element_type=\"widget\" data-e-type=\"widget\" data-widget_type=\"heading.default\">\n\t\t\t\t<div class=\"elementor-widget-container\">\n\t\t\t\t\t<div class=\"elementor-heading-title elementor-size-default\">Kerstmarkten<\/div>\t\t\t\t<\/div>\n\t\t\t\t<\/div>\n\t\t\t\t<div class=\"elementor-element elementor-element-jzwic4t zh-chip elementor-widget elementor-widget-heading\" data-id=\"jzwic4t\" data-element_type=\"widget\" data-e-type=\"widget\" data-widget_type=\"heading.default\">\n\t\t\t\t<div class=\"elementor-widget-container\">\n\t\t\t\t\t<div class=\"elementor-heading-title elementor-size-default\">Tegelkachel<\/div>\t\t\t\t<\/div>\n\t\t\t\t<\/div>\n\t\t\t\t\t<\/div>\n\t\t\t\t<\/div>\n\t\t\t\t\t<\/div>\n\t\t\t\t<\/div>\n\t\t\t\t<div class=\"elementor-element elementor-element-jzedwir elementor-widget elementor-widget-text-editor\" data-id=\"jzedwir\" data-element_type=\"widget\" data-e-type=\"widget\" data-widget_type=\"text-editor.default\">\n\t\t\t\t<div class=\"elementor-widget-container\">\n\t\t\t\t\t\t\t\t\t<p>Als de bergen hun witte mantel dragen, verandert Karinthi\u00eb in een winterwonderland. Of het nu gaat om ski\u00ebn, langlaufen door besneeuwde valleien of winterwandelen in de stille natuur \u2013 vooral gezinnen waarderen de overzichtelijke, zonnige skigebieden. Wie het wat gezelliger wil, geniet van de rustige kant van de winter met regionale lekkernijen bij het haardvuur; beide landhuizen hebben een tegelkachel.<\/p><p>De Gerlitzen Alpe: 14 kabelbanen en skiliften, 60 kilometer aan pistes \u2013 gezinsvriendelijk en uitstekend geprepareerd. Het dalstation van de Kanzelbahn ligt op slechts 5 km afstand. Daarnaast zijn er een ijshal, langlaufloipes bij het Bleist\u00e4tter Moor, kerstmarkten en Krampusoptochten begin december in Villach, Feldkirchen en Klagenfurt \u2013 levendige tradities die een bijzondere belevenis bieden.<\/p>\t\t\t\t\t\t\t\t<\/div>\n\t\t\t\t<\/div>\n\t\t\t\t\t<\/div>\n\t\t\t\t<\/div>\n\t\t\t\t<div class=\"elementor-element elementor-element-jzmwi elementor-widget elementor-widget-gallery\" data-id=\"jzmwi\" data-element_type=\"widget\" data-e-type=\"widget\" data-settings=\"{&quot;gallery_layout&quot;:&quot;masonry&quot;,&quot;columns&quot;:3,&quot;gap&quot;:{&quot;unit&quot;:&quot;px&quot;,&quot;size&quot;:12,&quot;sizes&quot;:[]},&quot;gap_tablet&quot;:{&quot;unit&quot;:&quot;px&quot;,&quot;size&quot;:12,&quot;sizes&quot;:[]},&quot;overlay_background&quot;:&quot;no&quot;,&quot;lazyload&quot;:&quot;yes&quot;,&quot;columns_tablet&quot;:2,&quot;columns_mobile&quot;:1,&quot;gap_mobile&quot;:{&quot;unit&quot;:&quot;px&quot;,&quot;size&quot;:10,&quot;sizes&quot;:[]},&quot;link_to&quot;:&quot;file&quot;,&quot;content_hover_animation&quot;:&quot;fade-in&quot;}\" data-widget_type=\"gallery.default\">\n\t\t\t\t<div class=\"elementor-widget-container\">\n\t\t\t\t\t\t\t<div class=\"elementor-gallery__container\">\n\t\t\t\t\t\t\t<a class=\"e-gallery-item elementor-gallery-item elementor-animated-content\" href=\"https:\/\/zweiteheimat.at\/wp-content\/uploads\/2025\/11\/winter-am-ossiacher-see.jpeg\" data-elementor-open-lightbox=\"yes\" data-elementor-lightbox-slideshow=\"jzmwi\" data-elementor-lightbox-title=\"Winterse sfeer op de Ossiacher See\" data-elementor-lightbox-description=\"Winterse sfeer op de Ossiacher See\" data-e-action-hash=\"#elementor-action%3Aaction%3Dlightbox%26settings%3DeyJpZCI6MTc1NCwidXJsIjoiaHR0cHM6XC9cL3p3ZWl0ZWhlaW1hdC5hdFwvd3AtY29udGVudFwvdXBsb2Fkc1wvMjAyNVwvMTFcL3dpbnRlci1hbS1vc3NpYWNoZXItc2VlLmpwZWciLCJzbGlkZXNob3ciOiJqem13aSJ9\">\n\t\t\t\t\t<div class=\"e-gallery-image elementor-gallery-item__image\" data-thumbnail=\"https:\/\/zweiteheimat.at\/wp-content\/uploads\/2025\/11\/winter-am-ossiacher-see-768x576.jpeg\" data-width=\"768\" data-height=\"576\" aria-label=\"Winterstimmung am Ossiacher See\" role=\"img\" ><\/div>\n\t\t\t\t\t\t\t\t\t\t\t<div class=\"elementor-gallery-item__overlay\"><\/div>\n\t\t\t\t\t\t\t\t\t\t\t\t\t\t<\/a>\n\t\t\t\t\t\t\t<a class=\"e-gallery-item elementor-gallery-item elementor-animated-content\" href=\"https:\/\/zweiteheimat.at\/wp-content\/uploads\/2025\/11\/gerlitzen-alpe-unterkunft.jpeg\" data-elementor-open-lightbox=\"yes\" data-elementor-lightbox-slideshow=\"jzmwi\" data-elementor-lightbox-title=\"Winterlandschap Gerlitzen Alpe - Accommodatie\" data-e-action-hash=\"#elementor-action%3Aaction%3Dlightbox%26settings%3DeyJpZCI6MTc0MiwidXJsIjoiaHR0cHM6XC9cL3p3ZWl0ZWhlaW1hdC5hdFwvd3AtY29udGVudFwvdXBsb2Fkc1wvMjAyNVwvMTFcL2dlcmxpdHplbi1hbHBlLXVudGVya3VuZnQuanBlZyIsInNsaWRlc2hvdyI6Imp6bXdpIn0%3D\">\n\t\t\t\t\t<div class=\"e-gallery-image elementor-gallery-item__image\" data-thumbnail=\"https:\/\/zweiteheimat.at\/wp-content\/uploads\/2025\/11\/gerlitzen-alpe-unterkunft-768x1024.jpeg\" data-width=\"768\" data-height=\"1024\" aria-label=\"Winterwunderland Gerlitzen Alpe - Unterkunft\" role=\"img\" ><\/div>\n\t\t\t\t\t\t\t\t\t\t\t<div class=\"elementor-gallery-item__overlay\"><\/div>\n\t\t\t\t\t\t\t\t\t\t\t\t\t\t<\/a>\n\t\t\t\t\t\t\t<a class=\"e-gallery-item elementor-gallery-item elementor-animated-content\" href=\"https:\/\/zweiteheimat.at\/wp-content\/uploads\/2025\/11\/winterwanderwege-gerlitzen-unterkunft.jpeg\" data-elementor-open-lightbox=\"yes\" data-elementor-lightbox-slideshow=\"jzmwi\" data-elementor-lightbox-title=\"Winterwandelwegen Gerlitzen - Accommodatie\" data-e-action-hash=\"#elementor-action%3Aaction%3Dlightbox%26settings%3DeyJpZCI6MTc0MywidXJsIjoiaHR0cHM6XC9cL3p3ZWl0ZWhlaW1hdC5hdFwvd3AtY29udGVudFwvdXBsb2Fkc1wvMjAyNVwvMTFcL3dpbnRlcndhbmRlcndlZ2UtZ2VybGl0emVuLXVudGVya3VuZnQuanBlZyIsInNsaWRlc2hvdyI6Imp6bXdpIn0%3D\">\n\t\t\t\t\t<div class=\"e-gallery-image elementor-gallery-item__image\" data-thumbnail=\"https:\/\/zweiteheimat.at\/wp-content\/uploads\/2025\/11\/winterwanderwege-gerlitzen-unterkunft-768x1024.jpeg\" data-width=\"768\" data-height=\"1024\" aria-label=\"Winterwanderwege Gerlitzen - Unterkunft\" role=\"img\" ><\/div>\n\t\t\t\t\t\t\t\t\t\t\t<div class=\"elementor-gallery-item__overlay\"><\/div>\n\t\t\t\t\t\t\t\t\t\t\t\t\t\t<\/a>\n\t\t\t\t\t\t\t<a class=\"e-gallery-item elementor-gallery-item elementor-animated-content\" href=\"https:\/\/zweiteheimat.at\/wp-content\/uploads\/2025\/11\/stiftskirche-am-ossiacher-see-im-winter.jpeg\" data-elementor-open-lightbox=\"yes\" data-elementor-lightbox-slideshow=\"jzmwi\" data-elementor-lightbox-title=\"Collegiale kerk in winterkleed\" data-elementor-lightbox-description=\"Collegiale kerk in winterkleed\" data-e-action-hash=\"#elementor-action%3Aaction%3Dlightbox%26settings%3DeyJpZCI6MTc0NCwidXJsIjoiaHR0cHM6XC9cL3p3ZWl0ZWhlaW1hdC5hdFwvd3AtY29udGVudFwvdXBsb2Fkc1wvMjAyNVwvMTFcL3N0aWZ0c2tpcmNoZS1hbS1vc3NpYWNoZXItc2VlLWltLXdpbnRlci5qcGVnIiwic2xpZGVzaG93Ijoianptd2kifQ%3D%3D\">\n\t\t\t\t\t<div class=\"e-gallery-image elementor-gallery-item__image\" data-thumbnail=\"https:\/\/zweiteheimat.at\/wp-content\/uploads\/2025\/11\/stiftskirche-am-ossiacher-see-im-winter-768x1025.jpeg\" data-width=\"768\" data-height=\"1025\" aria-label=\"Stiftskirche im Winterkleid\" role=\"img\" ><\/div>\n\t\t\t\t\t\t\t\t\t\t\t<div class=\"elementor-gallery-item__overlay\"><\/div>\n\t\t\t\t\t\t\t\t\t\t\t\t\t\t<\/a>\n\t\t\t\t\t\t\t<a class=\"e-gallery-item elementor-gallery-item elementor-animated-content\" href=\"https:\/\/zweiteheimat.at\/wp-content\/uploads\/2025\/11\/blick-auf-villach.jpeg\" data-elementor-open-lightbox=\"yes\" data-elementor-lightbox-slideshow=\"jzmwi\" data-elementor-lightbox-title=\"Uitzicht op Villach vanuit Sattendorf\" data-elementor-lightbox-description=\"Uitzicht op Villach vanuit Sattendorf\" data-e-action-hash=\"#elementor-action%3Aaction%3Dlightbox%26settings%3DeyJpZCI6MTc0NSwidXJsIjoiaHR0cHM6XC9cL3p3ZWl0ZWhlaW1hdC5hdFwvd3AtY29udGVudFwvdXBsb2Fkc1wvMjAyNVwvMTFcL2JsaWNrLWF1Zi12aWxsYWNoLmpwZWciLCJzbGlkZXNob3ciOiJqem13aSJ9\">\n\t\t\t\t\t<div class=\"e-gallery-image elementor-gallery-item__image\" data-thumbnail=\"https:\/\/zweiteheimat.at\/wp-content\/uploads\/2025\/11\/blick-auf-villach-768x1024.jpeg\" data-width=\"768\" data-height=\"1024\" aria-label=\"Blick auf Villach aus Sattendorf\" role=\"img\" ><\/div>\n\t\t\t\t\t\t\t\t\t\t\t<div class=\"elementor-gallery-item__overlay\"><\/div>\n\t\t\t\t\t\t\t\t\t\t\t\t\t\t<\/a>\n\t\t\t\t\t\t\t<a class=\"e-gallery-item elementor-gallery-item elementor-animated-content\" href=\"https:\/\/zweiteheimat.at\/wp-content\/uploads\/2025\/11\/slowtrail-bleistaetter-moor.jpg\" data-elementor-open-lightbox=\"yes\" data-elementor-lightbox-slideshow=\"jzmwi\" data-elementor-lightbox-title=\"Slowtrail Bleist\u00e4tter Moor\" data-elementor-lightbox-description=\"Slowtrail Bleist\u00e4tter Moor\" data-e-action-hash=\"#elementor-action%3Aaction%3Dlightbox%26settings%3DeyJpZCI6MTc0NiwidXJsIjoiaHR0cHM6XC9cL3p3ZWl0ZWhlaW1hdC5hdFwvd3AtY29udGVudFwvdXBsb2Fkc1wvMjAyNVwvMTFcL3Nsb3d0cmFpbC1ibGVpc3RhZXR0ZXItbW9vci5qcGciLCJzbGlkZXNob3ciOiJqem13aSJ9\">\n\t\t\t\t\t<div class=\"e-gallery-image elementor-gallery-item__image\" data-thumbnail=\"https:\/\/zweiteheimat.at\/wp-content\/uploads\/2025\/11\/slowtrail-bleistaetter-moor-768x576.jpg\" data-width=\"768\" data-height=\"576\" aria-label=\"Slowtrail Bleist\u00e4tter Moor\" role=\"img\" ><\/div>\n\t\t\t\t\t\t\t\t\t\t\t<div class=\"elementor-gallery-item__overlay\"><\/div>\n\t\t\t\t\t\t\t\t\t\t\t\t\t\t<\/a>\n\t\t\t\t\t\t\t<a class=\"e-gallery-item elementor-gallery-item elementor-animated-content\" href=\"https:\/\/zweiteheimat.at\/wp-content\/uploads\/2025\/11\/ossiacher-see-im-winterlicht.jpeg\" data-elementor-open-lightbox=\"yes\" data-elementor-lightbox-slideshow=\"jzmwi\" data-elementor-lightbox-title=\"Ossiach meer in winterlicht\" data-elementor-lightbox-description=\"Ossiach meer in winterlicht\" data-e-action-hash=\"#elementor-action%3Aaction%3Dlightbox%26settings%3DeyJpZCI6MTc0NywidXJsIjoiaHR0cHM6XC9cL3p3ZWl0ZWhlaW1hdC5hdFwvd3AtY29udGVudFwvdXBsb2Fkc1wvMjAyNVwvMTFcL29zc2lhY2hlci1zZWUtaW0td2ludGVybGljaHQuanBlZyIsInNsaWRlc2hvdyI6Imp6bXdpIn0%3D\">\n\t\t\t\t\t<div class=\"e-gallery-image elementor-gallery-item__image\" data-thumbnail=\"https:\/\/zweiteheimat.at\/wp-content\/uploads\/2025\/11\/ossiacher-see-im-winterlicht-768x576.jpeg\" data-width=\"768\" data-height=\"576\" aria-label=\"Ossiacher See im Winterlicht\" role=\"img\" ><\/div>\n\t\t\t\t\t\t\t\t\t\t\t<div class=\"elementor-gallery-item__overlay\"><\/div>\n\t\t\t\t\t\t\t\t\t\t\t\t\t\t<\/a>\n\t\t\t\t\t\t\t<a class=\"e-gallery-item elementor-gallery-item elementor-animated-content\" href=\"https:\/\/zweiteheimat.at\/wp-content\/uploads\/2025\/11\/winter-gerlitzen-alpe.jpeg\" data-elementor-open-lightbox=\"yes\" data-elementor-lightbox-slideshow=\"jzmwi\" data-elementor-lightbox-title=\"Winter indruk Gerlitzen Alpe\" data-elementor-lightbox-description=\"Winter indruk Gerlitzen Alpe\" data-e-action-hash=\"#elementor-action%3Aaction%3Dlightbox%26settings%3DeyJpZCI6MTc0OCwidXJsIjoiaHR0cHM6XC9cL3p3ZWl0ZWhlaW1hdC5hdFwvd3AtY29udGVudFwvdXBsb2Fkc1wvMjAyNVwvMTFcL3dpbnRlci1nZXJsaXR6ZW4tYWxwZS5qcGVnIiwic2xpZGVzaG93Ijoianptd2kifQ%3D%3D\">\n\t\t\t\t\t<div class=\"e-gallery-image elementor-gallery-item__image\" data-thumbnail=\"https:\/\/zweiteheimat.at\/wp-content\/uploads\/2025\/11\/winter-gerlitzen-alpe-768x1024.jpeg\" data-width=\"768\" data-height=\"1024\" aria-label=\"Winterimpression Gerlitzen Alpe\" role=\"img\" ><\/div>\n\t\t\t\t\t\t\t\t\t\t\t<div class=\"elementor-gallery-item__overlay\"><\/div>\n\t\t\t\t\t\t\t\t\t\t\t\t\t\t<\/a>\n\t\t\t\t\t\t\t<a class=\"e-gallery-item elementor-gallery-item elementor-animated-content\" href=\"https:\/\/zweiteheimat.at\/wp-content\/uploads\/2025\/11\/gerlitzen-alpe-gipfelkreuz.jpg\" data-elementor-open-lightbox=\"yes\" data-elementor-lightbox-slideshow=\"jzmwi\" data-elementor-lightbox-title=\"Gerlitzen Alpe top kruis, uitzicht op Feuerberg\" data-elementor-lightbox-description=\"Het kruis op de top van de Gerlitzen Alpe\" data-e-action-hash=\"#elementor-action%3Aaction%3Dlightbox%26settings%3DeyJpZCI6MTc0OSwidXJsIjoiaHR0cHM6XC9cL3p3ZWl0ZWhlaW1hdC5hdFwvd3AtY29udGVudFwvdXBsb2Fkc1wvMjAyNVwvMTFcL2dlcmxpdHplbi1hbHBlLWdpcGZlbGtyZXV6LmpwZyIsInNsaWRlc2hvdyI6Imp6bXdpIn0%3D\">\n\t\t\t\t\t<div class=\"e-gallery-image elementor-gallery-item__image\" data-thumbnail=\"https:\/\/zweiteheimat.at\/wp-content\/uploads\/2025\/11\/gerlitzen-alpe-gipfelkreuz-768x649.jpg\" data-width=\"768\" data-height=\"649\" aria-label=\"Gerlitzen Alpe Gipfelkreuz, Blick auf Feuerberg\" role=\"img\" ><\/div>\n\t\t\t\t\t\t\t\t\t\t\t<div class=\"elementor-gallery-item__overlay\"><\/div>\n\t\t\t\t\t\t\t\t\t\t\t\t\t\t<\/a>\n\t\t\t\t\t\t\t<a class=\"e-gallery-item elementor-gallery-item elementor-animated-content\" href=\"https:\/\/zweiteheimat.at\/wp-content\/uploads\/2025\/11\/kurpark-steindorf-kapitaenshaeuschen.jpeg\" data-elementor-open-lightbox=\"yes\" data-elementor-lightbox-slideshow=\"jzmwi\" data-elementor-lightbox-title=\"Kapiteinshuis Kurpark Steindorf\" data-elementor-lightbox-description=\"Kapiteinshuis Kurpark Steindorf\" data-e-action-hash=\"#elementor-action%3Aaction%3Dlightbox%26settings%3DeyJpZCI6MTc1MCwidXJsIjoiaHR0cHM6XC9cL3p3ZWl0ZWhlaW1hdC5hdFwvd3AtY29udGVudFwvdXBsb2Fkc1wvMjAyNVwvMTFcL2t1cnBhcmstc3RlaW5kb3JmLWthcGl0YWVuc2hhZXVzY2hlbi5qcGVnIiwic2xpZGVzaG93Ijoianptd2kifQ%3D%3D\">\n\t\t\t\t\t<div class=\"e-gallery-image elementor-gallery-item__image\" data-thumbnail=\"https:\/\/zweiteheimat.at\/wp-content\/uploads\/2025\/11\/kurpark-steindorf-kapitaenshaeuschen-768x1024.jpeg\" data-width=\"768\" data-height=\"1024\" aria-label=\"Kapit\u00e4nsh\u00e4uschen Kurpark Steindorf\" role=\"img\" ><\/div>\n\t\t\t\t\t\t\t\t\t\t\t<div class=\"elementor-gallery-item__overlay\"><\/div>\n\t\t\t\t\t\t\t\t\t\t\t\t\t\t<\/a>\n\t\t\t\t\t\t\t<a class=\"e-gallery-item elementor-gallery-item elementor-animated-content\" href=\"https:\/\/zweiteheimat.at\/wp-content\/uploads\/2025\/11\/ossiacher-see-im-winter-1.jpeg\" data-elementor-open-lightbox=\"yes\" data-elementor-lightbox-slideshow=\"jzmwi\" data-elementor-lightbox-title=\"Ossiach meer in winterkleed\" data-e-action-hash=\"#elementor-action%3Aaction%3Dlightbox%26settings%3DeyJpZCI6MTc1MSwidXJsIjoiaHR0cHM6XC9cL3p3ZWl0ZWhlaW1hdC5hdFwvd3AtY29udGVudFwvdXBsb2Fkc1wvMjAyNVwvMTFcL29zc2lhY2hlci1zZWUtaW0td2ludGVyLTEuanBlZyIsInNsaWRlc2hvdyI6Imp6bXdpIn0%3D\">\n\t\t\t\t\t<div class=\"e-gallery-image elementor-gallery-item__image\" data-thumbnail=\"https:\/\/zweiteheimat.at\/wp-content\/uploads\/2025\/11\/ossiacher-see-im-winter-1-768x576.jpeg\" data-width=\"768\" data-height=\"576\" aria-label=\"Ossiacher See im Winterkleid\" role=\"img\" ><\/div>\n\t\t\t\t\t\t\t\t\t\t\t<div class=\"elementor-gallery-item__overlay\"><\/div>\n\t\t\t\t\t\t\t\t\t\t\t\t\t\t<\/a>\n\t\t\t\t\t\t\t<a class=\"e-gallery-item elementor-gallery-item elementor-animated-content\" href=\"https:\/\/zweiteheimat.at\/wp-content\/uploads\/2025\/11\/bleistaetter-moor-winter.jpeg\" data-elementor-open-lightbox=\"yes\" data-elementor-lightbox-slideshow=\"jzmwi\" data-elementor-lightbox-title=\"Natuurparadijs Bleist\u00e4tter Moor\" data-e-action-hash=\"#elementor-action%3Aaction%3Dlightbox%26settings%3DeyJpZCI6MTc1MiwidXJsIjoiaHR0cHM6XC9cL3p3ZWl0ZWhlaW1hdC5hdFwvd3AtY29udGVudFwvdXBsb2Fkc1wvMjAyNVwvMTFcL2JsZWlzdGFldHRlci1tb29yLXdpbnRlci5qcGVnIiwic2xpZGVzaG93Ijoianptd2kifQ%3D%3D\">\n\t\t\t\t\t<div class=\"e-gallery-image elementor-gallery-item__image\" data-thumbnail=\"https:\/\/zweiteheimat.at\/wp-content\/uploads\/2025\/11\/bleistaetter-moor-winter-768x576.jpeg\" data-width=\"768\" data-height=\"576\" aria-label=\"Naturparadies Bleist\u00e4tter Moor\" role=\"img\" ><\/div>\n\t\t\t\t\t\t\t\t\t\t\t<div class=\"elementor-gallery-item__overlay\"><\/div>\n\t\t\t\t\t\t\t\t\t\t\t\t\t\t<\/a>\n\t\t\t\t\t\t\t<a class=\"e-gallery-item elementor-gallery-item elementor-animated-content\" href=\"https:\/\/zweiteheimat.at\/wp-content\/uploads\/2025\/11\/gerlitzen-alpe.jpeg\" data-elementor-open-lightbox=\"yes\" data-elementor-lightbox-slideshow=\"jzmwi\" data-elementor-lightbox-title=\"Plezier in de sneeuw Gerlitzen Alpe\" data-elementor-lightbox-description=\"Test\" data-e-action-hash=\"#elementor-action%3Aaction%3Dlightbox%26settings%3DeyJpZCI6MTc1MywidXJsIjoiaHR0cHM6XC9cL3p3ZWl0ZWhlaW1hdC5hdFwvd3AtY29udGVudFwvdXBsb2Fkc1wvMjAyNVwvMTFcL2dlcmxpdHplbi1hbHBlLmpwZWciLCJzbGlkZXNob3ciOiJqem13aSJ9\">\n\t\t\t\t\t<div class=\"e-gallery-image elementor-gallery-item__image\" data-thumbnail=\"https:\/\/zweiteheimat.at\/wp-content\/uploads\/2025\/11\/gerlitzen-alpe-768x576.jpeg\" data-width=\"768\" data-height=\"576\" aria-label=\"Schneespa\u00df Gerlitzen Alpe\" role=\"img\" ><\/div>\n\t\t\t\t\t\t\t\t\t\t\t<div class=\"elementor-gallery-item__overlay\"><\/div>\n\t\t\t\t\t\t\t\t\t\t\t\t\t\t<\/a>\n\t\t\t\t\t\t\t<a class=\"e-gallery-item elementor-gallery-item elementor-animated-content\" href=\"https:\/\/zweiteheimat.at\/wp-content\/uploads\/2025\/11\/blick-auf-die-stiftskirche.jpeg\" data-elementor-open-lightbox=\"yes\" data-elementor-lightbox-slideshow=\"jzmwi\" data-elementor-lightbox-title=\"Zicht op de collegiale kerk\" data-e-action-hash=\"#elementor-action%3Aaction%3Dlightbox%26settings%3DeyJpZCI6MTc0MSwidXJsIjoiaHR0cHM6XC9cL3p3ZWl0ZWhlaW1hdC5hdFwvd3AtY29udGVudFwvdXBsb2Fkc1wvMjAyNVwvMTFcL2JsaWNrLWF1Zi1kaWUtc3RpZnRza2lyY2hlLmpwZWciLCJzbGlkZXNob3ciOiJqem13aSJ9\">\n\t\t\t\t\t<div class=\"e-gallery-image elementor-gallery-item__image\" data-thumbnail=\"https:\/\/zweiteheimat.at\/wp-content\/uploads\/2025\/11\/blick-auf-die-stiftskirche-768x576.jpeg\" data-width=\"768\" data-height=\"576\" aria-label=\"Blick auf die Stiftskirche\" role=\"img\" ><\/div>\n\t\t\t\t\t\t\t\t\t\t\t<div class=\"elementor-gallery-item__overlay\"><\/div>\n\t\t\t\t\t\t\t\t\t\t\t\t\t\t<\/a>\n\t\t\t\t\t\t\t<a class=\"e-gallery-item elementor-gallery-item elementor-animated-content\" href=\"https:\/\/zweiteheimat.at\/wp-content\/uploads\/2025\/11\/ossiacher-see-im-winter.jpeg\" data-elementor-open-lightbox=\"yes\" data-elementor-lightbox-slideshow=\"jzmwi\" data-elementor-lightbox-title=\"Winterkleuren Ossiacher See\" data-e-action-hash=\"#elementor-action%3Aaction%3Dlightbox%26settings%3DeyJpZCI6MTc1NSwidXJsIjoiaHR0cHM6XC9cL3p3ZWl0ZWhlaW1hdC5hdFwvd3AtY29udGVudFwvdXBsb2Fkc1wvMjAyNVwvMTFcL29zc2lhY2hlci1zZWUtaW0td2ludGVyLmpwZWciLCJzbGlkZXNob3ciOiJqem13aSJ9\">\n\t\t\t\t\t<div class=\"e-gallery-image elementor-gallery-item__image\" data-thumbnail=\"https:\/\/zweiteheimat.at\/wp-content\/uploads\/2025\/11\/ossiacher-see-im-winter-768x576.jpeg\" data-width=\"768\" data-height=\"576\" aria-label=\"Winterfarben Ossiacher See\" role=\"img\" ><\/div>\n\t\t\t\t\t\t\t\t\t\t\t<div class=\"elementor-gallery-item__overlay\"><\/div>\n\t\t\t\t\t\t\t\t\t\t\t\t\t\t<\/a>\n\t\t\t\t\t<\/div>\n\t\t\t\t\t<\/div>\n\t\t\t\t<\/div>\n\t\t<div class=\"elementor-element elementor-element-jztipwi e-con-full e-flex e-con e-child\" data-id=\"jztipwi\" data-element_type=\"container\" data-e-type=\"container\" data-settings=\"{&quot;background_background&quot;:&quot;classic&quot;}\">\n\t\t\t\t<div class=\"elementor-element elementor-element-jztipwik elementor-widget elementor-widget-heading\" data-id=\"jztipwik\" data-element_type=\"widget\" data-e-type=\"widget\" data-widget_type=\"heading.default\">\n\t\t\t\t<div class=\"elementor-widget-container\">\n\t\t\t\t\t<div class=\"elementor-heading-title elementor-size-default\">Stilte, sneeuw &amp; helderheid<\/div>\t\t\t\t<\/div>\n\t\t\t\t<\/div>\n\t\t\t\t<div class=\"elementor-element elementor-element-jztipwit zh-mw900 elementor-widget elementor-widget-heading\" data-id=\"jztipwit\" data-element_type=\"widget\" data-e-type=\"widget\" data-widget_type=\"heading.default\">\n\t\t\t\t<div class=\"elementor-widget-container\">\n\t\t\t\t\t<div class=\"elementor-heading-title elementor-size-default\">\u201eBoven de Ossiacher See maakt de zon overuren, terwijl wij van de winter genieten.\u201c<\/div>\t\t\t\t<\/div>\n\t\t\t\t<\/div>\n\t\t\t\t<\/div>\n\t\t\t\t\t<\/div>\n\t\t\t\t<\/div>\n\t\t\t\t\t<\/div>\n\t\t<\/div>\n\t\t\t\t\t\t<\/div>\n\t\t\t\t<\/div>\n\t\t\t\t\t<\/div>\n\t\t\t\t<\/div>\n\t\t<div class=\"elementor-element elementor-element-jzov e-flex e-con-boxed e-con e-parent\" data-id=\"jzov\" data-element_type=\"container\" data-e-type=\"container\">\n\t\t\t\t\t<div class=\"e-con-inner\">\n\t\t<div class=\"elementor-element elementor-element-jzovh e-flex e-con-boxed e-con e-child\" data-id=\"jzovh\" data-element_type=\"container\" data-e-type=\"container\">\n\t\t\t\t\t<div class=\"e-con-inner\">\n\t\t\t\t<div class=\"elementor-element elementor-element-jzovk elementor-widget elementor-widget-heading\" data-id=\"jzovk\" data-element_type=\"widget\" data-e-type=\"widget\" data-widget_type=\"heading.default\">\n\t\t\t\t<div class=\"elementor-widget-container\">\n\t\t\t\t\t<div class=\"elementor-heading-title elementor-size-default\">Overzicht<\/div>\t\t\t\t<\/div>\n\t\t\t\t<\/div>\n\t\t\t\t<div class=\"elementor-element elementor-element-jzovh2 elementor-widget elementor-widget-heading\" data-id=\"jzovh2\" data-element_type=\"widget\" data-e-type=\"widget\" data-widget_type=\"heading.default\">\n\t\t\t\t<div class=\"elementor-widget-container\">\n\t\t\t\t\t<h2 class=\"elementor-heading-title elementor-size-default\">Het hele jaar door een thuis<\/h2>\t\t\t\t<\/div>\n\t\t\t\t<\/div>\n\t\t\t\t\t<\/div>\n\t\t\t\t<\/div>\n\t\t<div class=\"elementor-element elementor-element-jzovg e-grid e-con-boxed e-con e-child\" data-id=\"jzovg\" data-element_type=\"container\" data-e-type=\"container\">\n\t\t\t\t\t<div class=\"e-con-inner\">\n\t\t<div class=\"elementor-element elementor-element-jzov1 e-flex e-con-boxed e-con e-child\" data-id=\"jzov1\" data-element_type=\"container\" data-e-type=\"container\" data-settings=\"{&quot;background_background&quot;:&quot;classic&quot;}\">\n\t\t\t\t\t<div class=\"e-con-inner\">\n\t\t\t\t<div class=\"elementor-element elementor-element-jzov1n elementor-widget elementor-widget-heading\" data-id=\"jzov1n\" data-element_type=\"widget\" data-e-type=\"widget\" data-widget_type=\"heading.default\">\n\t\t\t\t<div class=\"elementor-widget-container\">\n\t\t\t\t\t<div class=\"elementor-heading-title elementor-size-default\">Lente<\/div>\t\t\t\t<\/div>\n\t\t\t\t<\/div>\n\t\t\t\t<div class=\"elementor-element elementor-element-jzov1b elementor-widget elementor-widget-heading\" data-id=\"jzov1b\" data-element_type=\"widget\" data-e-type=\"widget\" data-widget_type=\"heading.default\">\n\t\t\t\t<div class=\"elementor-widget-container\">\n\t\t\t\t\t<div class=\"elementor-heading-title elementor-size-default\">Bloeiende alpenweiden &amp; heldere bergbeekjes<\/div>\t\t\t\t<\/div>\n\t\t\t\t<\/div>\n\t\t\t\t\t<\/div>\n\t\t\t\t<\/div>\n\t\t<div class=\"elementor-element elementor-element-jzov2 e-flex e-con-boxed e-con e-child\" data-id=\"jzov2\" data-element_type=\"container\" data-e-type=\"container\" data-settings=\"{&quot;background_background&quot;:&quot;classic&quot;}\">\n\t\t\t\t\t<div class=\"e-con-inner\">\n\t\t\t\t<div class=\"elementor-element elementor-element-jzov2n elementor-widget elementor-widget-heading\" data-id=\"jzov2n\" data-element_type=\"widget\" data-e-type=\"widget\" data-widget_type=\"heading.default\">\n\t\t\t\t<div class=\"elementor-widget-container\">\n\t\t\t\t\t<div class=\"elementor-heading-title elementor-size-default\">Zomer<\/div>\t\t\t\t<\/div>\n\t\t\t\t<\/div>\n\t\t\t\t<div class=\"elementor-element elementor-element-jzov2b elementor-widget elementor-widget-heading\" data-id=\"jzov2b\" data-element_type=\"widget\" data-e-type=\"widget\" data-widget_type=\"heading.default\">\n\t\t\t\t<div class=\"elementor-widget-container\">\n\t\t\t\t\t<div class=\"elementor-heading-title elementor-size-default\">Meer dan 200 badmeren en bergtochten<\/div>\t\t\t\t<\/div>\n\t\t\t\t<\/div>\n\t\t\t\t\t<\/div>\n\t\t\t\t<\/div>\n\t\t<div class=\"elementor-element elementor-element-jzov3 e-flex e-con-boxed e-con e-child\" data-id=\"jzov3\" data-element_type=\"container\" data-e-type=\"container\" data-settings=\"{&quot;background_background&quot;:&quot;classic&quot;}\">\n\t\t\t\t\t<div class=\"e-con-inner\">\n\t\t\t\t<div class=\"elementor-element elementor-element-jzov3n elementor-widget elementor-widget-heading\" data-id=\"jzov3n\" data-element_type=\"widget\" data-e-type=\"widget\" data-widget_type=\"heading.default\">\n\t\t\t\t<div class=\"elementor-widget-container\">\n\t\t\t\t\t<div class=\"elementor-heading-title elementor-size-default\">Herfst<\/div>\t\t\t\t<\/div>\n\t\t\t\t<\/div>\n\t\t\t\t<div class=\"elementor-element elementor-element-jzov3b elementor-widget elementor-widget-heading\" data-id=\"jzov3b\" data-element_type=\"widget\" data-e-type=\"widget\" data-widget_type=\"heading.default\">\n\t\t\t\t<div class=\"elementor-widget-container\">\n\t\t\t\t\t<div class=\"elementor-heading-title elementor-size-default\">Stralende bossen &amp; rustige dagen aan het meer<\/div>\t\t\t\t<\/div>\n\t\t\t\t<\/div>\n\t\t\t\t\t<\/div>\n\t\t\t\t<\/div>\n\t\t<div class=\"elementor-element elementor-element-jzov4 e-flex e-con-boxed e-con e-child\" data-id=\"jzov4\" data-element_type=\"container\" data-e-type=\"container\" data-settings=\"{&quot;background_background&quot;:&quot;classic&quot;}\">\n\t\t\t\t\t<div class=\"e-con-inner\">\n\t\t\t\t<div class=\"elementor-element elementor-element-jzov4n elementor-widget elementor-widget-heading\" data-id=\"jzov4n\" data-element_type=\"widget\" data-e-type=\"widget\" data-widget_type=\"heading.default\">\n\t\t\t\t<div class=\"elementor-widget-container\">\n\t\t\t\t\t<div class=\"elementor-heading-title elementor-size-default\">Winter<\/div>\t\t\t\t<\/div>\n\t\t\t\t<\/div>\n\t\t\t\t<div class=\"elementor-element elementor-element-jzov4b elementor-widget elementor-widget-heading\" data-id=\"jzov4b\" data-element_type=\"widget\" data-e-type=\"widget\" data-widget_type=\"heading.default\">\n\t\t\t\t<div class=\"elementor-widget-container\">\n\t\t\t\t\t<div class=\"elementor-heading-title elementor-size-default\">60 km pistes &amp; besneeuwde stilte<\/div>\t\t\t\t<\/div>\n\t\t\t\t<\/div>\n\t\t\t\t\t<\/div>\n\t\t\t\t<\/div>\n\t\t\t\t\t<\/div>\n\t\t\t\t<\/div>\n\t\t\t\t\t<\/div>\n\t\t\t\t<\/div>\n\t\t<div class=\"elementor-element elementor-element-jzcta e-con-full e-flex e-con e-parent\" data-id=\"jzcta\" data-element_type=\"container\" data-e-type=\"container\" data-settings=\"{&quot;background_background&quot;:&quot;classic&quot;}\">\n\t\t<div class=\"elementor-element elementor-element-jzctain zh-mw540 e-flex e-con-boxed e-con e-child\" data-id=\"jzctain\" data-element_type=\"container\" data-e-type=\"container\">\n\t\t\t\t\t<div class=\"e-con-inner\">\n\t\t\t\t<div class=\"elementor-element elementor-element-jzctak elementor-widget elementor-widget-heading\" data-id=\"jzctak\" data-element_type=\"widget\" data-e-type=\"widget\" data-widget_type=\"heading.default\">\n\t\t\t\t<div class=\"elementor-widget-container\">\n\t\t\t\t\t<div class=\"elementor-heading-title elementor-size-default\">Ongeacht het seizoen<\/div>\t\t\t\t<\/div>\n\t\t\t\t<\/div>\n\t\t\t\t<div class=\"elementor-element elementor-element-jzctah elementor-widget elementor-widget-heading\" data-id=\"jzctah\" data-element_type=\"widget\" data-e-type=\"widget\" data-widget_type=\"heading.default\">\n\t\t\t\t<div class=\"elementor-widget-container\">\n\t\t\t\t\t<h2 class=\"elementor-heading-title elementor-size-default\">Jullie vakantie aan het meer begint hier<\/h2>\t\t\t\t<\/div>\n\t\t\t\t<\/div>\n\t\t\t\t<div class=\"elementor-element elementor-element-jzctap elementor-widget elementor-widget-text-editor\" data-id=\"jzctap\" data-element_type=\"widget\" data-e-type=\"widget\" data-widget_type=\"text-editor.default\">\n\t\t\t\t<div class=\"elementor-widget-container\">\n\t\t\t\t\t\t\t\t\t<p>Vraag vrijblijvend de data van jullie keuze aan \u2013 we geven jullie graag persoonlijke tips voor elk seizoen.<\/p>\t\t\t\t\t\t\t\t<\/div>\n\t\t\t\t<\/div>\n\t\t<div class=\"elementor-element elementor-element-jzctab e-flex e-con-boxed e-con e-child\" data-id=\"jzctab\" data-element_type=\"container\" data-e-type=\"container\">\n\t\t\t\t\t<div class=\"e-con-inner\">\n\t\t\t\t<div class=\"elementor-element elementor-element-jzctab1 elementor-widget elementor-widget-button\" data-id=\"jzctab1\" data-element_type=\"widget\" data-e-type=\"widget\" data-widget_type=\"button.default\">\n\t\t\t\t<div class=\"elementor-widget-container\">\n\t\t\t\t\t\t\t\t\t<div class=\"elementor-button-wrapper\">\n\t\t\t\t\t<a class=\"elementor-button elementor-button-link elementor-size-sm\" href=\"https:\/\/zweiteheimat.at\/nl\/vakantiehuis-oostenrijk-boeken\/#anfrage\">\n\t\t\t\t\t\t<span class=\"elementor-button-content-wrapper\">\n\t\t\t\t\t\t\t\t\t<span class=\"elementor-button-text\">Nu aanvragen<\/span>\n\t\t\t\t\t<\/span>\n\t\t\t\t\t<\/a>\n\t\t\t\t<\/div>\n\t\t\t\t\t\t\t\t<\/div>\n\t\t\t\t<\/div>\n\t\t\t\t<div class=\"elementor-element elementor-element-jzctab2 elementor-widget elementor-widget-button\" data-id=\"jzctab2\" data-element_type=\"widget\" data-e-type=\"widget\" data-widget_type=\"button.default\">\n\t\t\t\t<div class=\"elementor-widget-container\">\n\t\t\t\t\t\t\t\t\t<div class=\"elementor-button-wrapper\">\n\t\t\t\t\t<a class=\"elementor-button elementor-button-link elementor-size-sm\" href=\"https:\/\/zweiteheimat.at\/nl\/tips-voor-uitstapjes\/\">\n\t\t\t\t\t\t<span class=\"elementor-button-content-wrapper\">\n\t\t\t\t\t\t\t\t\t<span class=\"elementor-button-text\">Bekijk tips voor uitstapjes<\/span>\n\t\t\t\t\t<\/span>\n\t\t\t\t\t<\/a>\n\t\t\t\t<\/div>\n\t\t\t\t\t\t\t\t<\/div>\n\t\t\t\t<\/div>\n\t\t\t\t\t<\/div>\n\t\t\t\t<\/div>\n\t\t\t\t\t<\/div>\n\t\t\t\t<\/div>\n\t\t\t\t<\/div>\n\t\t\t\t<\/div>","protected":false},"excerpt":{"rendered":"<p>K\u00e4rnten \u00b7 Ossiacher See \u00b7 Gerlitzen Alpe Vier Jahreszeiten, ein Urlaub der sich immer lohnt Fr\u00fchling \u00b7 Sommer \u00b7 Herbst \u00b7 Winter Rund um das Ferienhaus bietet jede Jahreszeit abwechslungsreiche Ausfl\u00fcge und Unternehmungen \u2013 die Galerie vermittelt Eindr\u00fccke und stellt die Highlights der Umgebung vor. Fr\u00fchling Sommer Herbst Winter Fr\u00fchling Fr\u00fchlingserwachen im Sonnenland Wandern Radfahren [&hellip;]<\/p>\n","protected":false},"author":1,"featured_media":0,"parent":0,"menu_order":0,"comment_status":"closed","ping_status":"closed","template":"elementor_header_footer","meta":{"footnotes":""},"class_list":["post-3455","page","type-page","status-publish","hentry"],"_links":{"self":[{"href":"https:\/\/zweiteheimat.at\/nl\/wp-json\/wp\/v2\/pages\/3455","targetHints":{"allow":["GET"]}}],"collection":[{"href":"https:\/\/zweiteheimat.at\/nl\/wp-json\/wp\/v2\/pages"}],"about":[{"href":"https:\/\/zweiteheimat.at\/nl\/wp-json\/wp\/v2\/types\/page"}],"author":[{"embeddable":true,"href":"https:\/\/zweiteheimat.at\/nl\/wp-json\/wp\/v2\/users\/1"}],"replies":[{"embeddable":true,"href":"https:\/\/zweiteheimat.at\/nl\/wp-json\/wp\/v2\/comments?post=3455"}],"version-history":[{"count":10,"href":"https:\/\/zweiteheimat.at\/nl\/wp-json\/wp\/v2\/pages\/3455\/revisions"}],"predecessor-version":[{"id":3913,"href":"https:\/\/zweiteheimat.at\/nl\/wp-json\/wp\/v2\/pages\/3455\/revisions\/3913"}],"wp:attachment":[{"href":"https:\/\/zweiteheimat.at\/nl\/wp-json\/wp\/v2\/media?parent=3455"}],"curies":[{"name":"wp","href":"https:\/\/api.w.org\/{rel}","templated":true}]}}